{"id":1831,"date":"2021-07-15T12:09:54","date_gmt":"2021-07-15T10:09:54","guid":{"rendered":"https:\/\/www.colegiocervantescanals.com\/?page_id=1831"},"modified":"2026-08-26T12:26:19","modified_gmt":"2026-08-26T10:26:19","slug":"collegi-cervantes-canals","status":"publish","type":"page","link":"https:\/\/www.colegiocervantescanals.com\/ca\/collegi-cervantes-canals\/","title":{"rendered":"Col\u2022legi Cervantes Canals"},"content":{"rendered":"<p>[et_pb_section fb_built=\u00bb1&#8243; disabled_on=\u00bbon|off|off\u00bb admin_label=\u00bbSecci\u00f3n\u00bb _builder_version=\u00bb4.17.4&#8243; _module_preset=\u00bbdefault\u00bb custom_padding=\u00bb0px||0px||false|false\u00bb locked=\u00bboff\u00bb global_colors_info=\u00bb{}\u00bb][et_pb_row column_structure=\u00bb1_3,1_3,1_3&#8243; use_custom_gutter=\u00bbon\u00bb gutter_width=\u00bb1&#8243; _builder_version=\u00bb4.17.4&#8243; _module_preset=\u00bbdefault\u00bb width=\u00bb90%\u00bb max_width=\u00bb100%\u00bb custom_padding=\u00bb0px||0px||false|false\u00bb custom_css_main_element=\u00bbdisplay: flex;||justify-content: center;||align-items: center;||\u00bb global_colors_info=\u00bb{}\u00bb][et_pb_column type=\u00bb1_3&#8243; _builder_version=\u00bb4.16&#8243; _module_preset=\u00bbdefault\u00bb global_colors_info=\u00bb{}\u00bb][et_pb_text _builder_version=\u00bb4.17.4&#8243; _module_preset=\u00bbdefault\u00bb text_font=\u00bbRubik||||||||\u00bb text_text_color=\u00bb#00416B\u00bb text_orientation=\u00bbcenter\u00bb custom_margin=\u00bb||-5px|||\u00bb text_font_size_tablet=\u00bb\u00bb text_font_size_phone=\u00bb10px\u00bb text_font_size_last_edited=\u00bbon|phone\u00bb global_colors_info=\u00bb{}\u00bb]<\/p>\n<p>Col\u00b7legi adherit<\/p>\n<p>[\/et_pb_text][et_pb_image src=\u00bbhttps:\/\/www.colegiocervantescanals.com\/wp-content\/uploads\/2021\/06\/unnamed.png\u00bb title_text=\u00bbunnamed\u00bb url=\u00bbhttps:\/\/www.feceval.com\/\u00bb url_new_window=\u00bbon\u00bb align=\u00bbcenter\u00bb _builder_version=\u00bb4.17.4&#8243; _module_preset=\u00bbdefault\u00bb width=\u00bb30%\u00bb width_tablet=\u00bb30%\u00bb width_phone=\u00bb80%\u00bb width_last_edited=\u00bbon|phone\u00bb global_colors_info=\u00bb{}\u00bb][\/et_pb_image][\/et_pb_column][et_pb_column type=\u00bb1_3&#8243; _builder_version=\u00bb4.17.4&#8243; _module_preset=\u00bbdefault\u00bb global_colors_info=\u00bb{}\u00bb][et_pb_image src=\u00bbhttps:\/\/www.colegiocervantescanals.com\/wp-content\/uploads\/2022\/07\/CUP-Educational-Partner-Positivo.png\u00bb title_text=\u00bbCUP Educational Partner Positivo\u00bb url_new_window=\u00bbon\u00bb align=\u00bbcenter\u00bb _builder_version=\u00bb4.17.4&#8243; _module_preset=\u00bbdefault\u00bb width=\u00bb50%\u00bb width_tablet=\u00bb30%\u00bb width_phone=\u00bb80%\u00bb width_last_edited=\u00bbon|phone\u00bb custom_margin=\u00bb1%||||false|false\u00bb global_colors_info=\u00bb{}\u00bb][\/et_pb_image][\/et_pb_column][et_pb_column type=\u00bb1_3&#8243; _builder_version=\u00bb4.16&#8243; _module_preset=\u00bbdefault\u00bb global_colors_info=\u00bb{}\u00bb][et_pb_text _builder_version=\u00bb4.17.4&#8243; _module_preset=\u00bbdefault\u00bb text_font=\u00bbRubik||||||||\u00bb text_text_color=\u00bb#00416B\u00bb text_orientation=\u00bbcenter\u00bb custom_margin=\u00bb||-5px|||\u00bb text_font_size_tablet=\u00bb\u00bb text_font_size_phone=\u00bb10px\u00bb text_font_size_last_edited=\u00bbon|phone\u00bb global_colors_info=\u00bb{}\u00bb]<\/p>\n<p>Avalat per<\/p>\n<p>[\/et_pb_text][et_pb_image src=\u00bbhttps:\/\/www.colegiocervantescanals.com\/wp-content\/uploads\/2021\/11\/200x100_transparente.png\u00bb title_text=\u00bb200x100_transparente\u00bb url=\u00bbhttps:\/\/www.adelopd.com\/certificadoweb\/colegio-centro-de-estudios-cervantes-sl\u00bb url_new_window=\u00bbon\u00bb align=\u00bbcenter\u00bb _builder_version=\u00bb4.17.4&#8243; _module_preset=\u00bbdefault\u00bb width=\u00bb30%\u00bb width_tablet=\u00bb30%\u00bb width_phone=\u00bb80%\u00bb width_last_edited=\u00bbon|phone\u00bb custom_margin=\u00bb1%||||false|false\u00bb global_colors_info=\u00bb{}\u00bb][\/et_pb_image][\/et_pb_column][\/et_pb_row][et_pb_row column_structure=\u00bb1_2,1_2&#8243; use_custom_gutter=\u00bbon\u00bb gutter_width=\u00bb1&#8243; _builder_version=\u00bb4.17.4&#8243; _module_preset=\u00bbdefault\u00bb width=\u00bb90%\u00bb max_width=\u00bb100%\u00bb custom_padding=\u00bb0px||0px||false|false\u00bb custom_css_main_element=\u00bbdisplay: flex;||justify-content: center;||align-items: center;||\u00bb global_colors_info=\u00bb{}\u00bb][et_pb_column type=\u00bb1_2&#8243; _builder_version=\u00bb4.16&#8243; _module_preset=\u00bbdefault\u00bb global_colors_info=\u00bb{}\u00bb][et_pb_image src=\u00bbhttps:\/\/www.colegiocervantescanals.com\/wp-content\/uploads\/2025\/01\/mejores-colegios.webp\u00bb title_text=\u00bbmejores-colegios\u00bb url=\u00bbhttps:\/\/www.micole.net\/valencia\/canals\/colegio-cervantes\u00bb url_new_window=\u00bbon\u00bb align=\u00bbcenter\u00bb _builder_version=\u00bb4.18.0&#8243; _module_preset=\u00bbdefault\u00bb width=\u00bb30%\u00bb width_tablet=\u00bb30%\u00bb width_phone=\u00bb80%\u00bb width_last_edited=\u00bbon|phone\u00bb global_colors_info=\u00bb{}\u00bb][\/et_pb_image][\/et_pb_column][et_pb_column type=\u00bb1_2&#8243; _builder_version=\u00bb4.17.4&#8243; _module_preset=\u00bbdefault\u00bb global_colors_info=\u00bb{}\u00bb][et_pb_image src=\u00bbhttps:\/\/www.colegiocervantescanals.com\/wp-content\/uploads\/2025\/01\/micole2025-300&#215;300-1.webp\u00bb title_text=\u00bbmicole2025-300&#215;300&#8243; url=\u00bbhttps:\/\/www.micole.net\/valencia\/canals\/colegio-cervantes\u00bb url_new_window=\u00bbon\u00bb align=\u00bbcenter\u00bb _builder_version=\u00bb4.18.0&#8243; _module_preset=\u00bbdefault\u00bb width=\u00bb30%\u00bb width_tablet=\u00bb30%\u00bb width_phone=\u00bb80%\u00bb width_last_edited=\u00bbon|phone\u00bb custom_margin=\u00bb1%||||false|false\u00bb global_colors_info=\u00bb{}\u00bb][\/et_pb_image][\/et_pb_column][\/et_pb_row][\/et_pb_section][et_pb_section fb_built=\u00bb1&#8243; disabled_on=\u00bboff|on|on\u00bb _builder_version=\u00bb4.17.4&#8243; _module_preset=\u00bbdefault\u00bb custom_padding=\u00bb0px||0px||false|false\u00bb locked=\u00bboff\u00bb global_colors_info=\u00bb{}\u00bb][et_pb_row column_structure=\u00bb1_2,1_2&#8243; use_custom_gutter=\u00bbon\u00bb gutter_width=\u00bb1&#8243; _builder_version=\u00bb4.16&#8243; _module_preset=\u00bbdefault\u00bb min_height=\u00bb135.2px\u00bb custom_padding=\u00bb0px||0px||false|false\u00bb custom_css_main_element=\u00bbdisplay: flex;||justify-content: center;||align-items: center;||\u00bb global_colors_info=\u00bb{}\u00bb][et_pb_column type=\u00bb1_2&#8243; _builder_version=\u00bb4.16&#8243; _module_preset=\u00bbdefault\u00bb global_colors_info=\u00bb{}\u00bb][et_pb_text _builder_version=\u00bb4.17.4&#8243; _module_preset=\u00bbdefault\u00bb text_font=\u00bbRubik||||||||\u00bb text_text_color=\u00bb#00416B\u00bb text_orientation=\u00bbcenter\u00bb custom_margin=\u00bb||-5px|||\u00bb custom_padding=\u00bb||2px|||\u00bb global_colors_info=\u00bb{}\u00bb]<\/p>\n<p>Col\u00b7legi adherit<\/p>\n<p>[\/et_pb_text][et_pb_image src=\u00bbhttps:\/\/www.colegiocervantescanals.com\/wp-content\/uploads\/2021\/06\/unnamed.png\u00bb title_text=\u00bbunnamed\u00bb url=\u00bbhttps:\/\/www.feceval.com\/\u00bb url_new_window=\u00bbon\u00bb align=\u00bbcenter\u00bb _builder_version=\u00bb4.17.4&#8243; _module_preset=\u00bbdefault\u00bb width=\u00bb30%\u00bb width_tablet=\u00bb30%\u00bb width_phone=\u00bb80%\u00bb width_last_edited=\u00bbon|phone\u00bb global_colors_info=\u00bb{}\u00bb][\/et_pb_image][\/et_pb_column][et_pb_column type=\u00bb1_2&#8243; _builder_version=\u00bb4.16&#8243; _module_preset=\u00bbdefault\u00bb global_colors_info=\u00bb{}\u00bb][et_pb_text _builder_version=\u00bb4.17.4&#8243; _module_preset=\u00bbdefault\u00bb text_font=\u00bbRubik||||||||\u00bb text_text_color=\u00bb#00416B\u00bb text_orientation=\u00bbcenter\u00bb min_height=\u00bb27.8px\u00bb custom_margin=\u00bb-10px||0px||false|false\u00bb custom_padding=\u00bb3px||0px||false|false\u00bb global_colors_info=\u00bb{}\u00bb]<\/p>\n<p>Avalat per<\/p>\n<p>[\/et_pb_text][et_pb_image src=\u00bbhttps:\/\/www.colegiocervantescanals.com\/wp-content\/uploads\/2021\/11\/200x100_transparente.png\u00bb title_text=\u00bb200x100_transparente\u00bb url=\u00bbhttps:\/\/www.adelopd.com\/certificadoweb\/colegio-centro-de-estudios-cervantes-sl\u00bb url_new_window=\u00bbon\u00bb align=\u00bbcenter\u00bb _builder_version=\u00bb4.17.4&#8243; _module_preset=\u00bbdefault\u00bb width=\u00bb30%\u00bb width_tablet=\u00bb30%\u00bb width_phone=\u00bb80%\u00bb width_last_edited=\u00bbon|phone\u00bb custom_margin=\u00bb1%||||false|false\u00bb global_colors_info=\u00bb{}\u00bb][\/et_pb_image][\/et_pb_column][\/et_pb_row][et_pb_row column_structure=\u00bb1_3,1_3,1_3&#8243; use_custom_gutter=\u00bbon\u00bb gutter_width=\u00bb1&#8243; _builder_version=\u00bb4.16&#8243; _module_preset=\u00bbdefault\u00bb custom_padding=\u00bb0px||14px||false|false\u00bb custom_css_main_element=\u00bbdisplay: flex;||justify-content: center;||align-items: center;||\u00bb global_colors_info=\u00bb{}\u00bb][et_pb_column type=\u00bb1_3&#8243; _builder_version=\u00bb4.16&#8243; _module_preset=\u00bbdefault\u00bb global_colors_info=\u00bb{}\u00bb][\/et_pb_column][et_pb_column type=\u00bb1_3&#8243; _builder_version=\u00bb4.16&#8243; _module_preset=\u00bbdefault\u00bb global_colors_info=\u00bb{}\u00bb][et_pb_image src=\u00bbhttps:\/\/www.colegiocervantescanals.com\/wp-content\/uploads\/2022\/07\/CUP-Educational-Partner-Positivo.png\u00bb title_text=\u00bbCUP Educational Partner Positivo\u00bb url_new_window=\u00bbon\u00bb align=\u00bbcenter\u00bb _builder_version=\u00bb4.17.4&#8243; _module_preset=\u00bbdefault\u00bb width=\u00bb35%\u00bb width_tablet=\u00bb30%\u00bb width_phone=\u00bb80%\u00bb width_last_edited=\u00bbon|phone\u00bb custom_margin=\u00bb1%||||false|false\u00bb global_colors_info=\u00bb{}\u00bb][\/et_pb_image][\/et_pb_column][et_pb_column type=\u00bb1_3&#8243; _builder_version=\u00bb4.16&#8243; _module_preset=\u00bbdefault\u00bb global_colors_info=\u00bb{}\u00bb][\/et_pb_column][\/et_pb_row][et_pb_row column_structure=\u00bb1_3,1_3,1_3&#8243; use_custom_gutter=\u00bbon\u00bb gutter_width=\u00bb1&#8243; _builder_version=\u00bb4.16&#8243; _module_preset=\u00bbdefault\u00bb custom_padding=\u00bb0px||14px||false|false\u00bb custom_css_main_element=\u00bbdisplay: flex;||justify-content: center;||align-items: center;||\u00bb global_colors_info=\u00bb{}\u00bb][et_pb_column type=\u00bb1_3&#8243; _builder_version=\u00bb4.16&#8243; _module_preset=\u00bbdefault\u00bb global_colors_info=\u00bb{}\u00bb][et_pb_image src=\u00bbhttps:\/\/www.colegiocervantescanals.com\/wp-content\/uploads\/2025\/01\/mejores-colegios.webp\u00bb title_text=\u00bbmejores-colegios\u00bb url=\u00bbhttps:\/\/www.micole.net\/valencia\/canals\/colegio-cervantes\u00bb url_new_window=\u00bbon\u00bb align=\u00bbcenter\u00bb _builder_version=\u00bb4.18.0&#8243; _module_preset=\u00bbdefault\u00bb width=\u00bb35%\u00bb width_tablet=\u00bb30%\u00bb width_phone=\u00bb80%\u00bb width_last_edited=\u00bbon|phone\u00bb custom_margin=\u00bb1%||||false|false\u00bb global_colors_info=\u00bb{}\u00bb][\/et_pb_image][\/et_pb_column][et_pb_column type=\u00bb1_3&#8243; _builder_version=\u00bb4.16&#8243; _module_preset=\u00bbdefault\u00bb global_colors_info=\u00bb{}\u00bb][\/et_pb_column][et_pb_column type=\u00bb1_3&#8243; _builder_version=\u00bb4.16&#8243; _module_preset=\u00bbdefault\u00bb global_colors_info=\u00bb{}\u00bb][et_pb_image src=\u00bbhttps:\/\/www.colegiocervantescanals.com\/wp-content\/uploads\/2025\/01\/micole2025-300&#215;300-1.webp\u00bb title_text=\u00bbmicole2025-300&#215;300&#8243; url=\u00bbhttps:\/\/www.micole.net\/valencia\/canals\/colegio-cervantes\u00bb url_new_window=\u00bbon\u00bb align=\u00bbcenter\u00bb _builder_version=\u00bb4.18.0&#8243; _module_preset=\u00bbdefault\u00bb width=\u00bb35%\u00bb width_tablet=\u00bb30%\u00bb width_phone=\u00bb80%\u00bb width_last_edited=\u00bbon|phone\u00bb custom_margin=\u00bb1%||||false|false\u00bb global_colors_info=\u00bb{}\u00bb][\/et_pb_image][\/et_pb_column][\/et_pb_row][\/et_pb_section][et_pb_section fb_built=\u00bb1&#8243; disabled_on=\u00bbon|off|off\u00bb _builder_version=\u00bb4.18.0&#8243; _module_preset=\u00bbdefault\u00bb background_color=\u00bbgcid-34d85742-286a-4c70-8ee4-619c6196295f\u00bb use_background_color_gradient=\u00bbon\u00bb background_color_gradient_stops=\u00bbrgba(0,65,107,0.67) 0%|rgba(0,65,107,0.61) 100%\u00bb background_color_gradient_start=\u00bbrgba(0,65,107,0.67)\u00bb background_color_gradient_end=\u00bbrgba(0,65,107,0.61)\u00bb background_enable_image=\u00bboff\u00bb parallax=\u00bbon\u00bb parallax_method=\u00bboff\u00bb min_height=\u00bb285px\u00bb height=\u00bb510px\u00bb custom_margin=\u00bb8px|||||\u00bb custom_padding=\u00bb102px|||||\u00bb bottom_divider_style=\u00bbarrow3&#8243; bottom_divider_color=\u00bb#e6f1f8&#8243; bottom_divider_height=\u00bb22px\u00bb locked=\u00bboff\u00bb global_colors_info=\u00bb{%22gcid-34d85742-286a-4c70-8ee4-619c6196295f%22:%91%22background_color%22%93}\u00bb][et_pb_row _builder_version=\u00bb4.16&#8243; _module_preset=\u00bbeeb45ccc-8b4f-4267-b28c-b660d4796fe3&#8243; custom_margin=\u00bb-87px|auto||auto||\u00bb global_colors_info=\u00bb{}\u00bb][et_pb_column type=\u00bb4_4&#8243; _builder_version=\u00bb4.16&#8243; _module_preset=\u00bbdefault\u00bb global_colors_info=\u00bb{}\u00bb][et_pb_image src=\u00bbhttps:\/\/www.colegiocervantescanals.com\/wp-content\/uploads\/2022\/02\/Puertas-abiertas-Colegio-Cervantes-Canals.jpeg\u00bb title_text=\u00bbPuertas abiertas Colegio Cervantes Canals\u00bb url=\u00bbhttps:\/\/www.colegiocervantescanals.com\/jornadas-puertas-abiertas\/\u00bb _builder_version=\u00bb4.18.0&#8243; _module_preset=\u00bbdefault\u00bb global_colors_info=\u00bb{}\u00bb][\/et_pb_image][\/et_pb_column][\/et_pb_row][et_pb_row _builder_version=\u00bb4.16&#8243; _module_preset=\u00bbdefault\u00bb global_colors_info=\u00bb{}\u00bb][et_pb_column type=\u00bb4_4&#8243; _builder_version=\u00bb4.16&#8243; _module_preset=\u00bbdefault\u00bb global_colors_info=\u00bb{}\u00bb][et_pb_text _builder_version=\u00bb4.16&#8243; _module_preset=\u00bbdefault\u00bb text_text_color=\u00bb#FFFFFF\u00bb text_orientation=\u00bbcenter\u00bb locked=\u00bboff\u00bb global_colors_info=\u00bb{}\u00bb][\/et_pb_text][\/et_pb_column][\/et_pb_row][\/et_pb_section][et_pb_section fb_built=\u00bb1&#8243; disabled_on=\u00bboff|on|on\u00bb _builder_version=\u00bb4.18.0&#8243; _module_preset=\u00bbdefault\u00bb background_color=\u00bbgcid-34d85742-286a-4c70-8ee4-619c6196295f\u00bb use_background_color_gradient=\u00bbon\u00bb background_color_gradient_stops=\u00bbrgba(0,65,107,0.67) 0%|rgba(0,65,107,0.61) 100%\u00bb background_color_gradient_start=\u00bbrgba(0,65,107,0.67)\u00bb background_color_gradient_end=\u00bbrgba(0,65,107,0.61)\u00bb background_enable_image=\u00bboff\u00bb parallax=\u00bbon\u00bb parallax_method=\u00bboff\u00bb min_height=\u00bb240px\u00bb height=\u00bb240px\u00bb max_height=\u00bb240px\u00bb custom_margin=\u00bb8px|||||\u00bb custom_padding=\u00bb8px|||||\u00bb bottom_divider_style=\u00bbarrow3&#8243; bottom_divider_color=\u00bb#e6f1f8&#8243; bottom_divider_height=\u00bb22px\u00bb locked=\u00bboff\u00bb global_colors_info=\u00bb{%22gcid-34d85742-286a-4c70-8ee4-619c6196295f%22:%91%22background_color%22%93}\u00bb][et_pb_row _builder_version=\u00bb4.16&#8243; _module_preset=\u00bbeeb45ccc-8b4f-4267-b28c-b660d4796fe3&#8243; custom_margin=\u00bb-87px|auto||auto||\u00bb custom_margin_phone=\u00bb14px|auto||auto|false|false\u00bb global_colors_info=\u00bb{}\u00bb][et_pb_column type=\u00bb4_4&#8243; _builder_version=\u00bb4.16&#8243; _module_preset=\u00bbdefault\u00bb global_colors_info=\u00bb{}\u00bb][et_pb_image src=\u00bbhttps:\/\/www.colegiocervantescanals.com\/wp-content\/uploads\/2022\/02\/Puertas-abiertas-Colegio-Cervantes-Canals.jpeg\u00bb title_text=\u00bbPuertas abiertas Colegio Cervantes Canals\u00bb url=\u00bbhttps:\/\/www.colegiocervantescanals.com\/jornadas-puertas-abiertas\/\u00bb align=\u00bbcenter\u00bb _builder_version=\u00bb4.18.0&#8243; _module_preset=\u00bbdefault\u00bb global_colors_info=\u00bb{}\u00bb][\/et_pb_image][\/et_pb_column][\/et_pb_row][et_pb_row _builder_version=\u00bb4.16&#8243; _module_preset=\u00bbdefault\u00bb global_colors_info=\u00bb{}\u00bb][et_pb_column type=\u00bb4_4&#8243; _builder_version=\u00bb4.16&#8243; _module_preset=\u00bbdefault\u00bb global_colors_info=\u00bb{}\u00bb][et_pb_text _builder_version=\u00bb4.16&#8243; _module_preset=\u00bbdefault\u00bb text_text_color=\u00bb#FFFFFF\u00bb text_orientation=\u00bbcenter\u00bb locked=\u00bboff\u00bb global_colors_info=\u00bb{}\u00bb][\/et_pb_text][\/et_pb_column][\/et_pb_row][\/et_pb_section][et_pb_section fb_built=\u00bb1&#8243; _builder_version=\u00bb4.16&#8243; _module_preset=\u00bbdefault\u00bb background_color=\u00bbgcid-34d85742-286a-4c70-8ee4-619c6196295f\u00bb use_background_color_gradient=\u00bbon\u00bb background_color_gradient_stops=\u00bbrgba(0,65,107,0.67) 0%|rgba(0,65,107,0.61) 100%\u00bb background_color_gradient_start=\u00bbrgba(0,65,107,0.67)\u00bb background_color_gradient_end=\u00bbrgba(0,65,107,0.61)\u00bb background_image=\u00bbhttps:\/\/www.colegiocervantescanals.com\/wp-content\/uploads\/2021\/06\/colegio-cervantes-26.jpg\u00bb parallax=\u00bbon\u00bb parallax_method=\u00bboff\u00bb min_height=\u00bb510px\u00bb min_height_tablet=\u00bb\u00bb min_height_phone=\u00bb\u00bb min_height_last_edited=\u00bbon|phone\u00bb height=\u00bb510px\u00bb height_tablet=\u00bb\u00bb height_phone=\u00bb\u00bb height_last_edited=\u00bbon|phone\u00bb bottom_divider_style=\u00bbarrow3&#8243; bottom_divider_color=\u00bb#e6f1f8&#8243; bottom_divider_height=\u00bb22px\u00bb locked=\u00bboff\u00bb global_colors_info=\u00bb{%22gcid-34d85742-286a-4c70-8ee4-619c6196295f%22:%91%22background_color%22%93}\u00bb][et_pb_row _builder_version=\u00bb4.16&#8243; _module_preset=\u00bbeeb45ccc-8b4f-4267-b28c-b660d4796fe3&#8243; custom_margin=\u00bb50px|auto||auto|false|false\u00bb global_colors_info=\u00bb{}\u00bb][et_pb_column type=\u00bb4_4&#8243; _builder_version=\u00bb4.16&#8243; _module_preset=\u00bbdefault\u00bb global_colors_info=\u00bb{}\u00bb][et_pb_text _builder_version=\u00bb4.16&#8243; _module_preset=\u00bb7ef47b1e-834f-4f9e-8a5b-fa0165ee7475&#8243; text_font_size=\u00bb35px\u00bb global_colors_info=\u00bb{}\u00bb]El nostre centre<br \/>\n[\/et_pb_text][et_pb_divider _builder_version=\u00bb4.16&#8243; _module_preset=\u00bbdefault\u00bb module_alignment=\u00bbcenter\u00bb global_colors_info=\u00bb{}\u00bb][\/et_pb_divider][\/et_pb_column][\/et_pb_row][et_pb_row _builder_version=\u00bb4.16&#8243; _module_preset=\u00bbdefault\u00bb global_colors_info=\u00bb{}\u00bb][et_pb_column type=\u00bb4_4&#8243; _builder_version=\u00bb4.16&#8243; _module_preset=\u00bbdefault\u00bb global_colors_info=\u00bb{}\u00bb][et_pb_text _builder_version=\u00bb4.16&#8243; _module_preset=\u00bbdefault\u00bb text_text_color=\u00bb#FFFFFF\u00bb text_orientation=\u00bbcenter\u00bb locked=\u00bboff\u00bb global_colors_info=\u00bb{}\u00bb][\/et_pb_text][\/et_pb_column][\/et_pb_row][\/et_pb_section][et_pb_section fb_built=\u00bb1&#8243; _builder_version=\u00bb4.16&#8243; _module_preset=\u00bbdefault\u00bb background_image=\u00bbhttps:\/\/www.colegiocervantescanals.com\/wp-content\/uploads\/2021\/06\/2919c804.png\u00bb background_size=\u00bbinitial\u00bb background_position=\u00bbcenter_right\u00bb background_repeat=\u00bbrepeat\u00bb custom_padding=\u00bb5%||5%||true|false\u00bb locked=\u00bboff\u00bb global_colors_info=\u00bb{}\u00bb][et_pb_row column_structure=\u00bb1_3,1_3,1_3&#8243; _builder_version=\u00bb4.16&#8243; _module_preset=\u00bbdefault\u00bb max_width=\u00bb100%\u00bb animation_style=\u00bbfade\u00bb animation_direction=\u00bbtop\u00bb global_colors_info=\u00bb{}\u00bb][et_pb_column type=\u00bb1_3&#8243; _builder_version=\u00bb4.16&#8243; _module_preset=\u00bbdefault\u00bb global_colors_info=\u00bb{}\u00bb][et_pb_text _builder_version=\u00bb4.16&#8243; _module_preset=\u00bb45665071-77ad-4948-b2da-913b5992daba\u00bb background_image=\u00bbhttps:\/\/www.colegiocervantescanals.com\/wp-content\/uploads\/2021\/06\/HISTORIA-6-RET.jpg\u00bb link_option_url=\u00bbhttps:\/\/www.colegiocervantescanals.com\/ca\/historia\/\u00bb global_colors_info=\u00bb{}\u00bb background__hover_enabled=\u00bbon|desktop\u00bb]Hist\u00f2ria<br \/>\n[\/et_pb_text][\/et_pb_column][et_pb_column type=\u00bb1_3&#8243; _builder_version=\u00bb4.16&#8243; _module_preset=\u00bbdefault\u00bb global_colors_info=\u00bb{}\u00bb][et_pb_text _builder_version=\u00bb4.16&#8243; _module_preset=\u00bb45665071-77ad-4948-b2da-913b5992daba\u00bb background_image=\u00bbhttps:\/\/www.colegiocervantescanals.com\/wp-content\/uploads\/2021\/06\/colegio-cervantes-04.jpg\u00bb link_option_url=\u00bbhttps:\/\/www.colegiocervantescanals.com\/ca\/els-nostres-objectius\/\u00bb global_colors_info=\u00bb{}\u00bb]Els nostres objetius<br \/>\n[\/et_pb_text][\/et_pb_column][et_pb_column type=\u00bb1_3&#8243; _builder_version=\u00bb4.16&#8243; _module_preset=\u00bbdefault\u00bb global_colors_info=\u00bb{}\u00bb][et_pb_text _builder_version=\u00bb4.16&#8243; _module_preset=\u00bb45665071-77ad-4948-b2da-913b5992daba\u00bb background_image=\u00bbhttps:\/\/www.colegiocervantescanals.com\/wp-content\/uploads\/2021\/06\/colegio-cervantes-01.jpg\u00bb link_option_url=\u00bbhttps:\/\/www.colegiocervantescanals.com\/ca\/personal-del-centre\/\u00bb global_colors_info=\u00bb{}\u00bb]Personal del centre<br \/>\n[\/et_pb_text][\/et_pb_column][\/et_pb_row][\/et_pb_section][et_pb_section fb_built=\u00bb1&#8243; _builder_version=\u00bb4.16&#8243; _module_preset=\u00bbdefault\u00bb background_color=\u00bbgcid-34d85742-286a-4c70-8ee4-619c6196295f\u00bb background_image=\u00bbhttps:\/\/www.colegiocervantescanals.com\/wp-content\/uploads\/2021\/06\/colegio-cervantes-25.jpg\u00bb parallax=\u00bbon\u00bb parallax_method=\u00bboff\u00bb min_height=\u00bb490px\u00bb top_divider_style=\u00bbarrow3&#8243; top_divider_color=\u00bb#ebf5fd\u00bb top_divider_height=\u00bb23px\u00bb bottom_divider_style=\u00bbarrow3&#8243; bottom_divider_color=\u00bb#e6f1f8&#8243; bottom_divider_height=\u00bb22px\u00bb locked=\u00bboff\u00bb global_colors_info=\u00bb{%22gcid-34d85742-286a-4c70-8ee4-619c6196295f%22:%91%22background_color%22%93}\u00bb][et_pb_row _builder_version=\u00bb4.16&#8243; _module_preset=\u00bbeeb45ccc-8b4f-4267-b28c-b660d4796fe3&#8243; custom_margin=\u00bb50px|auto||auto||\u00bb global_colors_info=\u00bb{}\u00bb][et_pb_column type=\u00bb4_4&#8243; _builder_version=\u00bb4.16&#8243; _module_preset=\u00bbdefault\u00bb global_colors_info=\u00bb{}\u00bb][et_pb_text _builder_version=\u00bb4.16&#8243; _module_preset=\u00bb7ef47b1e-834f-4f9e-8a5b-fa0165ee7475&#8243; text_font_size=\u00bb35px\u00bb text_font_size_phone=\u00bb10vw\u00bb global_colors_info=\u00bb{}\u00bb]<\/p>\n<p>Oferta educativa<\/p>\n<p>[\/et_pb_text][et_pb_divider _builder_version=\u00bb4.16&#8243; _module_preset=\u00bbdefault\u00bb module_alignment=\u00bbcenter\u00bb global_colors_info=\u00bb{}\u00bb][\/et_pb_divider][\/et_pb_column][\/et_pb_row][et_pb_row _builder_version=\u00bb4.16&#8243; _module_preset=\u00bbdefault\u00bb global_colors_info=\u00bb{}\u00bb][et_pb_column type=\u00bb4_4&#8243; _builder_version=\u00bb4.16&#8243; _module_preset=\u00bbdefault\u00bb global_colors_info=\u00bb{}\u00bb][et_pb_text _builder_version=\u00bb4.16&#8243; _module_preset=\u00bbdefault\u00bb text_text_color=\u00bb#FFFFFF\u00bb text_orientation=\u00bbcenter\u00bb locked=\u00bboff\u00bb global_colors_info=\u00bb{}\u00bb]<\/p>\n<p><strong>Som un Col\u00b7legi Concertat de Canals amb una oferta educativa des d&#8217;Infantil 3 anys fins a 4t de la E.S.O., passant per tots els cursos de Prim\u00e0ria.<\/strong><\/p>\n<p>[\/et_pb_text][\/et_pb_column][\/et_pb_row][\/et_pb_section][et_pb_section fb_built=\u00bb1&#8243; _builder_version=\u00bb4.16&#8243; _module_preset=\u00bbdefault\u00bb background_image=\u00bbhttps:\/\/www.colegiocervantescanals.com\/wp-content\/uploads\/2021\/06\/2919c804.png\u00bb background_size=\u00bbinitial\u00bb background_position=\u00bbcenter_right\u00bb background_repeat=\u00bbrepeat\u00bb custom_padding=\u00bb5%||5%||true|false\u00bb locked=\u00bboff\u00bb global_colors_info=\u00bb{}\u00bb][et_pb_row column_structure=\u00bb1_3,1_3,1_3&#8243; _builder_version=\u00bb4.16&#8243; _module_preset=\u00bbdefault\u00bb max_width=\u00bb100%\u00bb animation_style=\u00bbfade\u00bb locked=\u00bboff\u00bb global_colors_info=\u00bb{}\u00bb][et_pb_column type=\u00bb1_3&#8243; _builder_version=\u00bb4.16&#8243; _module_preset=\u00bbdefault\u00bb global_colors_info=\u00bb{}\u00bb][et_pb_text _builder_version=\u00bb4.16&#8243; _module_preset=\u00bb45665071-77ad-4948-b2da-913b5992daba\u00bb background_image=\u00bbhttps:\/\/www.colegiocervantescanals.com\/wp-content\/uploads\/2021\/06\/colegio-cervantes-14.jpg\u00bb link_option_url=\u00bbhttps:\/\/www.colegiocervantescanals.com\/ca\/infantil-2\/\u00bb global_colors_info=\u00bb{}\u00bb background__hover_enabled=\u00bbon|desktop\u00bb]Educaci\u00f3 Infantil<br \/>\n[\/et_pb_text][\/et_pb_column][et_pb_column type=\u00bb1_3&#8243; _builder_version=\u00bb4.16&#8243; _module_preset=\u00bbdefault\u00bb global_colors_info=\u00bb{}\u00bb][et_pb_text _builder_version=\u00bb4.16&#8243; _module_preset=\u00bb45665071-77ad-4948-b2da-913b5992daba\u00bb link_option_url=\u00bbhttps:\/\/www.colegiocervantescanals.com\/ca\/primaria-2\/\u00bb global_colors_info=\u00bb{}\u00bb]Educaci\u00f3 Prim\u00e0ria<br \/>\n[\/et_pb_text][\/et_pb_column][et_pb_column type=\u00bb1_3&#8243; _builder_version=\u00bb4.16&#8243; _module_preset=\u00bbdefault\u00bb global_colors_info=\u00bb{}\u00bb][et_pb_text _builder_version=\u00bb4.16&#8243; _module_preset=\u00bb45665071-77ad-4948-b2da-913b5992daba\u00bb background_image=\u00bbhttps:\/\/www.colegiocervantescanals.com\/wp-content\/uploads\/2021\/06\/colegio-cervantes-23.jpg\u00bb link_option_url=\u00bbhttps:\/\/www.colegiocervantescanals.com\/ca\/secundaria-2\/\u00bb global_colors_info=\u00bb{}\u00bb]Educaci\u00f3 Secund\u00e0ria<br \/>\n[\/et_pb_text][\/et_pb_column][\/et_pb_row][\/et_pb_section][et_pb_section fb_built=\u00bb1&#8243; _builder_version=\u00bb4.16&#8243; _module_preset=\u00bbdefault\u00bb background_color=\u00bbgcid-34d85742-286a-4c70-8ee4-619c6196295f\u00bb background_image=\u00bbhttps:\/\/www.colegiocervantescanals.com\/wp-content\/uploads\/2022\/02\/instalaciones-02.jpg\u00bb parallax=\u00bbon\u00bb parallax_method=\u00bboff\u00bb min_height=\u00bb490px\u00bb top_divider_style=\u00bbarrow3&#8243; top_divider_color=\u00bb#ebf5fd\u00bb top_divider_height=\u00bb23px\u00bb bottom_divider_style=\u00bbarrow3&#8243; bottom_divider_color=\u00bb#e6f1f8&#8243; bottom_divider_height=\u00bb22px\u00bb locked=\u00bboff\u00bb global_colors_info=\u00bb{%22gcid-34d85742-286a-4c70-8ee4-619c6196295f%22:%91%22background_color%22%93}\u00bb][et_pb_row _builder_version=\u00bb4.16&#8243; _module_preset=\u00bbeeb45ccc-8b4f-4267-b28c-b660d4796fe3&#8243; custom_margin=\u00bb50px|auto||auto||\u00bb global_colors_info=\u00bb{}\u00bb][et_pb_column type=\u00bb4_4&#8243; _builder_version=\u00bb4.16&#8243; _module_preset=\u00bbdefault\u00bb global_colors_info=\u00bb{}\u00bb][et_pb_text _builder_version=\u00bb4.16&#8243; _module_preset=\u00bb7ef47b1e-834f-4f9e-8a5b-fa0165ee7475&#8243; text_font_size=\u00bb35px\u00bb text_font_size_phone=\u00bb10vw\u00bb global_colors_info=\u00bb{}\u00bb]<\/p>\n<p>Instalacions<\/p>\n<p>[\/et_pb_text][et_pb_divider _builder_version=\u00bb4.16&#8243; _module_preset=\u00bbdefault\u00bb module_alignment=\u00bbcenter\u00bb global_colors_info=\u00bb{}\u00bb][\/et_pb_divider][\/et_pb_column][\/et_pb_row][et_pb_row _builder_version=\u00bb4.16&#8243; _module_preset=\u00bbdefault\u00bb global_colors_info=\u00bb{}\u00bb][et_pb_column type=\u00bb4_4&#8243; _builder_version=\u00bb4.16&#8243; _module_preset=\u00bbdefault\u00bb global_colors_info=\u00bb{}\u00bb][et_pb_text _builder_version=\u00bb4.16&#8243; _module_preset=\u00bbdefault\u00bb text_text_color=\u00bb#FFFFFF\u00bb text_orientation=\u00bbcenter\u00bb locked=\u00bboff\u00bb global_colors_info=\u00bb{}\u00bb]<\/p>\n<p><strong>Al Col\u00b7legi Cervantes de Canals disposem de instalacions adaptades a la nostra activitat docent.<\/strong><\/p>\n<p>[\/et_pb_text][\/et_pb_column][\/et_pb_row][\/et_pb_section][et_pb_section fb_built=\u00bb1&#8243; _builder_version=\u00bb4.16&#8243; _module_preset=\u00bbdefault\u00bb background_image=\u00bbhttps:\/\/www.colegiocervantescanals.com\/wp-content\/uploads\/2021\/06\/2919c804.png\u00bb background_size=\u00bbinitial\u00bb background_position=\u00bbcenter_right\u00bb background_repeat=\u00bbrepeat\u00bb custom_padding=\u00bb5%||5%||true|false\u00bb locked=\u00bboff\u00bb global_colors_info=\u00bb{}\u00bb][et_pb_row column_structure=\u00bb1_3,1_3,1_3&#8243; _builder_version=\u00bb4.16&#8243; _module_preset=\u00bbdefault\u00bb max_width=\u00bb100%\u00bb animation_style=\u00bbfade\u00bb locked=\u00bboff\u00bb global_colors_info=\u00bb{}\u00bb][et_pb_column type=\u00bb1_3&#8243; _builder_version=\u00bb4.16&#8243; _module_preset=\u00bbdefault\u00bb global_colors_info=\u00bb{}\u00bb][et_pb_text _builder_version=\u00bb4.16&#8243; _module_preset=\u00bb45665071-77ad-4948-b2da-913b5992daba\u00bb background_image=\u00bbhttps:\/\/www.colegiocervantescanals.com\/wp-content\/uploads\/2022\/02\/Informa\u0301tica-Cervantes-Canals2.png\u00bb link_option_url=\u00bbhttps:\/\/www.colegiocervantescanals.com\/ca\/aula-informatica-2\/\u00bb global_colors_info=\u00bb{}\u00bb background__hover_enabled=\u00bbon|desktop\u00bb]<\/p>\n<p>Aula d\u00b4Inform\u00e0tica<\/p>\n<p>[\/et_pb_text][\/et_pb_column][et_pb_column type=\u00bb1_3&#8243; _builder_version=\u00bb4.16&#8243; _module_preset=\u00bbdefault\u00bb global_colors_info=\u00bb{}\u00bb][et_pb_text _builder_version=\u00bb4.17.0&#8243; _module_preset=\u00bb45665071-77ad-4948-b2da-913b5992daba\u00bb background_image=\u00bbhttps:\/\/www.colegiocervantescanals.com\/wp-content\/uploads\/2022\/04\/Aula-Mu\u0301sica-Cervantes.jpg\u00bb link_option_url=\u00bbhttps:\/\/www.colegiocervantescanals.com\/ca\/aula-musica-2\/\u00bb global_colors_info=\u00bb{}\u00bb]<\/p>\n<p>Aula de M\u00fasica<\/p>\n<p>[\/et_pb_text][\/et_pb_column][et_pb_column type=\u00bb1_3&#8243; _builder_version=\u00bb4.16&#8243; _module_preset=\u00bbdefault\u00bb global_colors_info=\u00bb{}\u00bb][et_pb_text _builder_version=\u00bb4.16&#8243; _module_preset=\u00bb45665071-77ad-4948-b2da-913b5992daba\u00bb background_image=\u00bbhttps:\/\/www.colegiocervantescanals.com\/wp-content\/uploads\/2022\/02\/Biblioteca-Colegio-Cervantes-Canals8-1.jpg\u00bb link_option_url=\u00bbhttps:\/\/www.colegiocervantescanals.com\/ca\/biblioteca-2\/\u00bb global_colors_info=\u00bb{}\u00bb]<\/p>\n<p>Biblioteca<\/p>\n<p>[\/et_pb_text][\/et_pb_column][\/et_pb_row][et_pb_row column_structure=\u00bb1_3,1_3,1_3&#8243; _builder_version=\u00bb4.16&#8243; _module_preset=\u00bbdefault\u00bb max_width=\u00bb100%\u00bb animation_style=\u00bbfade\u00bb locked=\u00bboff\u00bb global_colors_info=\u00bb{}\u00bb][et_pb_column type=\u00bb1_3&#8243; _builder_version=\u00bb4.16&#8243; _module_preset=\u00bbdefault\u00bb global_colors_info=\u00bb{}\u00bb][et_pb_text _builder_version=\u00bb4.16&#8243; _module_preset=\u00bb45665071-77ad-4948-b2da-913b5992daba\u00bb background_image=\u00bbhttps:\/\/www.colegiocervantescanals.com\/wp-content\/uploads\/2022\/02\/Gimnasio-3-1.jpeg\u00bb link_option_url=\u00bbhttps:\/\/www.colegiocervantescanals.com\/ca\/gimnas\/\u00bb global_colors_info=\u00bb{}\u00bb]<\/p>\n<p>Gimn\u00e0s<\/p>\n<p>[\/et_pb_text][\/et_pb_column][et_pb_column type=\u00bb1_3&#8243; _builder_version=\u00bb4.16&#8243; _module_preset=\u00bbdefault\u00bb global_colors_info=\u00bb{}\u00bb][et_pb_text _builder_version=\u00bb4.16&#8243; _module_preset=\u00bb45665071-77ad-4948-b2da-913b5992daba\u00bb background_image=\u00bbhttps:\/\/www.colegiocervantescanals.com\/wp-content\/uploads\/2022\/04\/Laboratorio-Cervantes-Canals2.jpg\u00bb link_option_url=\u00bbhttps:\/\/www.colegiocervantescanals.com\/ca\/laboratori\/\u00bb global_colors_info=\u00bb{}\u00bb background__hover_enabled=\u00bbon|desktop\u00bb]<\/p>\n<p>Laboratori<\/p>\n<p>[\/et_pb_text][\/et_pb_column][et_pb_column type=\u00bb1_3&#8243; _builder_version=\u00bb4.16&#8243; _module_preset=\u00bbdefault\u00bb global_colors_info=\u00bb{}\u00bb][et_pb_text _builder_version=\u00bb4.16&#8243; _module_preset=\u00bb45665071-77ad-4948-b2da-913b5992daba\u00bb background_image=\u00bbhttps:\/\/www.colegiocervantescanals.com\/wp-content\/uploads\/2022\/02\/Zonas-deportivas-Cervantes-Canals3-1.jpg\u00bb link_option_url=\u00bbhttps:\/\/www.colegiocervantescanals.com\/ca\/zones-esportives\/\u00bb global_colors_info=\u00bb{}\u00bb]<\/p>\n<p>Zones Esportives<\/p>\n<p>[\/et_pb_text][\/et_pb_column][\/et_pb_row][\/et_pb_section][et_pb_section fb_built=\u00bb1&#8243; _builder_version=\u00bb4.16&#8243; _module_preset=\u00bbdefault\u00bb background_color=\u00bbgcid-34d85742-286a-4c70-8ee4-619c6196295f\u00bb background_image=\u00bbhttps:\/\/www.colegiocervantescanals.com\/wp-content\/uploads\/2021\/06\/colegio-cervantes-27.jpg\u00bb parallax=\u00bbon\u00bb parallax_method=\u00bboff\u00bb min_height=\u00bb490px\u00bb top_divider_style=\u00bbarrow3&#8243; top_divider_color=\u00bb#ebf5fd\u00bb top_divider_height=\u00bb23px\u00bb bottom_divider_style=\u00bbarrow3&#8243; bottom_divider_color=\u00bb#e6f1f8&#8243; bottom_divider_height=\u00bb22px\u00bb locked=\u00bboff\u00bb global_colors_info=\u00bb{%22gcid-34d85742-286a-4c70-8ee4-619c6196295f%22:%91%22background_color%22%93}\u00bb][et_pb_row _builder_version=\u00bb4.16&#8243; _module_preset=\u00bbeeb45ccc-8b4f-4267-b28c-b660d4796fe3&#8243; custom_margin=\u00bb50px|auto||auto||\u00bb global_colors_info=\u00bb{}\u00bb][et_pb_column type=\u00bb4_4&#8243; _builder_version=\u00bb4.16&#8243; _module_preset=\u00bbdefault\u00bb global_colors_info=\u00bb{}\u00bb][et_pb_text _builder_version=\u00bb4.16&#8243; _module_preset=\u00bb7ef47b1e-834f-4f9e-8a5b-fa0165ee7475&#8243; text_font_size=\u00bb35px\u00bb text_font_size_phone=\u00bb10vw\u00bb global_colors_info=\u00bb{}\u00bb]<\/p>\n<p>Serveis<\/p>\n<p>[\/et_pb_text][et_pb_divider _builder_version=\u00bb4.16&#8243; _module_preset=\u00bbdefault\u00bb module_alignment=\u00bbcenter\u00bb global_colors_info=\u00bb{}\u00bb][\/et_pb_divider][\/et_pb_column][\/et_pb_row][et_pb_row _builder_version=\u00bb4.16&#8243; _module_preset=\u00bbdefault\u00bb global_colors_info=\u00bb{}\u00bb][et_pb_column type=\u00bb4_4&#8243; _builder_version=\u00bb4.16&#8243; _module_preset=\u00bbdefault\u00bb global_colors_info=\u00bb{}\u00bb][et_pb_text _builder_version=\u00bb4.16&#8243; _module_preset=\u00bbdefault\u00bb text_text_color=\u00bb#FFFFFF\u00bb text_orientation=\u00bbcenter\u00bb locked=\u00bboff\u00bb global_colors_info=\u00bb{}\u00bb]<\/p>\n<p><strong>Tenim una oferta de serveis que complementa l&#8217;experi\u00e8ncia educativa de fam\u00edlies i alumnes amb el nostre Col\u00b7legi.<\/strong><\/p>\n<p>[\/et_pb_text][\/et_pb_column][\/et_pb_row][\/et_pb_section][et_pb_section fb_built=\u00bb1&#8243; _builder_version=\u00bb4.16&#8243; _module_preset=\u00bbdefault\u00bb background_image=\u00bbhttps:\/\/www.colegiocervantescanals.com\/wp-content\/uploads\/2021\/06\/2919c804.png\u00bb background_size=\u00bbinitial\u00bb background_position=\u00bbcenter_right\u00bb background_repeat=\u00bbrepeat\u00bb custom_padding=\u00bb5%||5%||true|false\u00bb locked=\u00bboff\u00bb global_colors_info=\u00bb{}\u00bb][et_pb_row column_structure=\u00bb1_3,1_3,1_3&#8243; _builder_version=\u00bb4.16&#8243; _module_preset=\u00bbdefault\u00bb max_width=\u00bb100%\u00bb animation_style=\u00bbfade\u00bb global_colors_info=\u00bb{}\u00bb][et_pb_column type=\u00bb1_3&#8243; _builder_version=\u00bb4.16&#8243; _module_preset=\u00bbdefault\u00bb global_colors_info=\u00bb{}\u00bb][et_pb_text _builder_version=\u00bb4.16&#8243; _module_preset=\u00bb45665071-77ad-4948-b2da-913b5992daba\u00bb background_image=\u00bbhttps:\/\/www.colegiocervantescanals.com\/wp-content\/uploads\/2021\/06\/comedor-01.jpg\u00bb link_option_url=\u00bbhttps:\/\/www.colegiocervantescanals.com\/ca\/menjador\/\u00bb global_colors_info=\u00bb{}\u00bb background__hover_enabled=\u00bbon|desktop\u00bb]Menjador<br \/>\n[\/et_pb_text][\/et_pb_column][et_pb_column type=\u00bb1_3&#8243; _builder_version=\u00bb4.16&#8243; _module_preset=\u00bbdefault\u00bb global_colors_info=\u00bb{}\u00bb][et_pb_text _builder_version=\u00bb4.16&#8243; _module_preset=\u00bb45665071-77ad-4948-b2da-913b5992daba\u00bb background_image=\u00bbhttps:\/\/www.colegiocervantescanals.com\/wp-content\/uploads\/2021\/06\/uniforme-01.jpg\u00bb link_option_url=\u00bbhttps:\/\/www.colegiocervantescanals.com\/ca\/uniforme-2\/\u00bb global_colors_info=\u00bb{}\u00bb]Uniforme<br \/>\n[\/et_pb_text][\/et_pb_column][et_pb_column type=\u00bb1_3&#8243; _builder_version=\u00bb4.16&#8243; _module_preset=\u00bbdefault\u00bb global_colors_info=\u00bb{}\u00bb][et_pb_text _builder_version=\u00bb4.16&#8243; _module_preset=\u00bb45665071-77ad-4948-b2da-913b5992daba\u00bb background_image=\u00bbhttps:\/\/www.colegiocervantescanals.com\/wp-content\/uploads\/2021\/06\/escuela-verano-01.jpg\u00bb link_option_url=\u00bbhttps:\/\/www.colegiocervantescanals.com\/ca\/escola-estiu\/\u00bb global_colors_info=\u00bb{}\u00bb]Escola d&#8217;estiu<br \/>\n[\/et_pb_text][\/et_pb_column][\/et_pb_row][\/et_pb_section][et_pb_section fb_built=\u00bb1&#8243; _builder_version=\u00bb4.16&#8243; _module_preset=\u00bbdefault\u00bb background_color=\u00bbgcid-34d85742-286a-4c70-8ee4-619c6196295f\u00bb background_image=\u00bbhttps:\/\/www.colegiocervantescanals.com\/wp-content\/uploads\/2021\/06\/colegio-cervantes-28.jpg\u00bb parallax=\u00bbon\u00bb parallax_method=\u00bboff\u00bb min_height=\u00bb342px\u00bb custom_padding=\u00bb5%||5%||true|false\u00bb top_divider_style=\u00bbarrow3&#8243; top_divider_color=\u00bb#ebf5fd\u00bb top_divider_height=\u00bb23px\u00bb bottom_divider_color=\u00bb#e6f1f8&#8243; bottom_divider_height=\u00bb22px\u00bb locked=\u00bboff\u00bb global_colors_info=\u00bb{%22gcid-34d85742-286a-4c70-8ee4-619c6196295f%22:%91%22background_color%22%93}\u00bb][et_pb_row column_structure=\u00bb1_2,1_2&#8243; use_custom_gutter=\u00bbon\u00bb make_equal=\u00bbon\u00bb _builder_version=\u00bb4.16&#8243; _module_preset=\u00bbdefault\u00bb max_width=\u00bb100%\u00bb animation_style=\u00bbfade\u00bb locked=\u00bboff\u00bb global_colors_info=\u00bb{}\u00bb][et_pb_column type=\u00bb1_2&#8243; _builder_version=\u00bb4.16&#8243; _module_preset=\u00bbdefault\u00bb background_color=\u00bbrgba(255,255,255,0.31)\u00bb custom_padding=\u00bb5%||0px||false|false\u00bb border_radii=\u00bbon|10px|10px|10px|10px\u00bb global_colors_info=\u00bb{}\u00bb][et_pb_text _builder_version=\u00bb4.16&#8243; _module_preset=\u00bbdefault\u00bb text_font=\u00bbRubik|||on|||||\u00bb text_text_color=\u00bb#FFFFFF\u00bb text_font_size=\u00bb19px\u00bb text_orientation=\u00bbcenter\u00bb custom_margin=\u00bb||-3px|||\u00bb custom_padding=\u00bb|||0px|false|false\u00bb global_colors_info=\u00bb{}\u00bb]\u00daltima Revista Zero<br \/>\n[\/et_pb_text][et_pb_image src=\u00bbhttps:\/\/www.colegiocervantescanals.com\/wp-content\/uploads\/2022\/07\/Revista-Cero-no-31.jpeg\u00bb title_text=\u00bbRevista Cero, n\u00ba 31&#8243; url=\u00bbhttps:\/\/www.colegiocervantescanals.com\/revista-cero\/\u00bb _builder_version=\u00bb4.17.4&#8243; _module_preset=\u00bbdefault\u00bb width=\u00bb52%\u00bb module_alignment=\u00bbcenter\u00bb custom_margin=\u00bb8%||||false|false\u00bb global_colors_info=\u00bb{}\u00bb][\/et_pb_image][et_pb_text _builder_version=\u00bb4.16&#8243; _module_preset=\u00bbdefault\u00bb text_font=\u00bbRubik||||||||\u00bb text_text_color=\u00bb#FFFFFF\u00bb text_font_size=\u00bb19px\u00bb background_color=\u00bb#FFD600&#8243; positioning=\u00bbabsolute\u00bb position_origin_a=\u00bbbottom_right\u00bb text_orientation=\u00bbcenter\u00bb width=\u00bb100%\u00bb custom_margin=\u00bb||0px||false|false\u00bb custom_padding=\u00bb2%||2%||true|false\u00bb link_option_url=\u00bbhttps:\/\/www.colegiocervantescanals.com\/ca\/revista-zero\/\u00bb locked=\u00bboff\u00bb global_colors_info=\u00bb{}\u00bb background__hover_enabled=\u00bbon|desktop\u00bb background_color__hover=\u00bb#00416B\u00bb background_enable_color__hover=\u00bbon\u00bb]Mes revistes<br \/>\n[\/et_pb_text][\/et_pb_column][et_pb_column type=\u00bb1_2&#8243; _builder_version=\u00bb4.16&#8243; _module_preset=\u00bbdefault\u00bb background_color=\u00bbrgba(255,255,255,0.31)\u00bb custom_padding=\u00bb5%||0px||false|false\u00bb border_radii=\u00bbon|10px|10px|10px|10px\u00bb global_colors_info=\u00bb{}\u00bb][et_pb_text _builder_version=\u00bb4.16&#8243; _module_preset=\u00bbdefault\u00bb text_font=\u00bbRubik|||on|||||\u00bb text_text_color=\u00bb#FFFFFF\u00bb text_font_size=\u00bb19px\u00bb text_orientation=\u00bbcenter\u00bb custom_margin=\u00bb||-3px|||\u00bb global_colors_info=\u00bb{}\u00bb]Les nostres \u00faltimes not\u00edcies<br \/>\n[\/et_pb_text][et_pb_blog posts_number=\u00bb1&#8243; include_categories=\u00bb71&#8243; show_more=\u00bbon\u00bb show_author=\u00bboff\u00bb show_date=\u00bboff\u00bb show_categories=\u00bboff\u00bb _builder_version=\u00bb4.16&#8243; _module_preset=\u00bbdefault\u00bb header_font=\u00bb|600|||||||\u00bb header_text_color=\u00bb#FFFFFF\u00bb body_text_color=\u00bb#FFFFFF\u00bb read_more_font=\u00bb|700|||||||\u00bb read_more_text_color=\u00bb#00416B\u00bb custom_padding=\u00bb5%|10%|3%|10%|false|true\u00bb border_radii_image=\u00bbon|10px|10px|10px|10px\u00bb border_width_top_image=\u00bb5px\u00bb border_color_top_image=\u00bb#FFD600&#8243; global_colors_info=\u00bb{}\u00bb][\/et_pb_blog][et_pb_text _builder_version=\u00bb4.16&#8243; _module_preset=\u00bbdefault\u00bb text_font=\u00bbRubik||||||||\u00bb text_text_color=\u00bb#FFFFFF\u00bb text_font_size=\u00bb19px\u00bb background_color=\u00bb#FFD600&#8243; positioning=\u00bbabsolute\u00bb position_origin_a=\u00bbbottom_right\u00bb position_origin_r=\u00bbbottom_left\u00bb text_orientation=\u00bbcenter\u00bb width=\u00bb100%\u00bb custom_margin=\u00bb||0px||false|false\u00bb custom_padding=\u00bb2%||2%||true|false\u00bb link_option_url=\u00bbhttps:\/\/www.colegiocervantescanals.com\/ca\/blog-2\/\u00bb locked=\u00bboff\u00bb global_colors_info=\u00bb{}\u00bb background__hover_enabled=\u00bbon|desktop\u00bb background_color__hover=\u00bb#00416B\u00bb background_enable_color__hover=\u00bbon\u00bb]El nostre Blog<br \/>\n[\/et_pb_text][\/et_pb_column][\/et_pb_row][\/et_pb_section][et_pb_section fb_built=\u00bb1&#8243; _builder_version=\u00bb4.16&#8243; _module_preset=\u00bbdefault\u00bb background_image=\u00bbhttps:\/\/www.colegiocervantescanals.com\/wp-content\/uploads\/2021\/06\/2919c804.png\u00bb background_size=\u00bbinitial\u00bb background_repeat=\u00bbrepeat\u00bb custom_padding=\u00bb77px||84px|||\u00bb global_colors_info=\u00bb{}\u00bb][et_pb_row _builder_version=\u00bb4.16&#8243; _module_preset=\u00bbdefault\u00bb max_width=\u00bb100%\u00bb global_colors_info=\u00bb{}\u00bb][et_pb_column type=\u00bb4_4&#8243; _builder_version=\u00bb4.16&#8243; _module_preset=\u00bbdefault\u00bb global_colors_info=\u00bb{}\u00bb][et_pb_slider show_arrows=\u00bboff\u00bb show_pagination=\u00bboff\u00bb _builder_version=\u00bb4.16&#8243; _module_preset=\u00bbdefault\u00bb auto=\u00bbon\u00bb auto_speed=\u00bb3000&#8243; link_option_url=\u00bbhttps:\/\/www.colegiocervantescanals.com\/antiguos-alumnos\/\u00bb custom_css_slide_description=\u00bbanimation: none;\u00bb border_radii=\u00bbon|10px|10px|10px|10px\u00bb border_width_top=\u00bb5px\u00bb border_color_top=\u00bb#FFD600&#8243; global_colors_info=\u00bb{}\u00bb][et_pb_slide heading=\u00bbAntics alumnes\u00bb button_text=\u00bbVeure\u00bb button_link=\u00bbhttps:\/\/www.colegiocervantescanals.com\/antiguos-alumnos\/\u00bb use_text_overlay=\u00bbon\u00bb text_overlay_color=\u00bbrgba(0,65,107,0.95)\u00bb _builder_version=\u00bb4.16&#8243; _module_preset=\u00bbdefault\u00bb background_enable_color=\u00bboff\u00bb background_image=\u00bbhttps:\/\/www.colegiocervantescanals.com\/wp-content\/uploads\/2021\/06\/DECORACIO\u0301N-ANTIGUOS-ALUMNOS-02-1.jpg\u00bb background_enable_image=\u00bbon\u00bb custom_button=\u00bbon\u00bb button_text_color=\u00bb#00416B\u00bb button_bg_color=\u00bb#FFD600&#8243; global_colors_info=\u00bb{}\u00bb sticky_transition=\u00bbon\u00bb][\/et_pb_slide][et_pb_slide heading=\u00bbAntics alumnes\u00bb button_text=\u00bbVeure\u00bb button_link=\u00bbhttps:\/\/www.colegiocervantescanals.com\/antiguos-alumnos\/\u00bb use_text_overlay=\u00bbon\u00bb text_overlay_color=\u00bbrgba(0,65,107,0.95)\u00bb _builder_version=\u00bb4.16&#8243; _module_preset=\u00bbdefault\u00bb background_enable_color=\u00bboff\u00bb background_image=\u00bbhttps:\/\/www.colegiocervantescanals.com\/wp-content\/uploads\/2021\/07\/Foto-1936.jpg\u00bb background_enable_image=\u00bbon\u00bb custom_button=\u00bbon\u00bb button_text_color=\u00bb#00416B\u00bb button_bg_color=\u00bb#FFD600&#8243; global_colors_info=\u00bb{}\u00bb sticky_transition=\u00bbon\u00bb][\/et_pb_slide][\/et_pb_slider][\/et_pb_column][\/et_pb_row][\/et_pb_section][et_pb_section fb_built=\u00bb1&#8243; disabled_on=\u00bboff|on|on\u00bb admin_label=\u00bbMOVILES\u00bb _builder_version=\u00bb4.16&#8243; background_image=\u00bbhttps:\/\/www.colegiocervantescanals.com\/wp-content\/uploads\/2021\/02\/Base-Portada.jpg\u00bb background_position=\u00bbtop_center\u00bb module_alignment=\u00bbcenter\u00bb custom_margin=\u00bb|0px||0px|false|false\u00bb custom_padding=\u00bb|0px||0px|false|false\u00bb global_colors_info=\u00bb{}\u00bb][et_pb_row column_structure=\u00bb1_3,1_3,1_3&#8243; use_custom_gutter=\u00bbon\u00bb gutter_width=\u00bb2&#8243; make_equal=\u00bbon\u00bb admin_label=\u00bbContact Info Row\u00bb _builder_version=\u00bb4.16&#8243; width=\u00bb90%\u00bb max_width=\u00bb90%\u00bb custom_margin=\u00bb|||\u00bb global_colors_info=\u00bb{}\u00bb][et_pb_column type=\u00bb1_3&#8243; _builder_version=\u00bb4.16&#8243; custom_padding=\u00bb|||\u00bb global_colors_info=\u00bb{}\u00bb custom_padding__hover=\u00bb|||\u00bb][\/et_pb_column][et_pb_column type=\u00bb1_3&#8243; _builder_version=\u00bb4.16&#8243; custom_padding=\u00bb|||\u00bb global_colors_info=\u00bb{}\u00bb custom_padding__hover=\u00bb|||\u00bb][et_pb_image src=\u00bbhttps:\/\/www.colegiocervantescanals.com\/wp-content\/uploads\/2021\/02\/Logo-VAL.-Color-Positivo.png\u00bb title_text=\u00bbLogo VAL. Color Positivo\u00bb align=\u00bbcenter\u00bb admin_label=\u00bbImagen\u00bb _builder_version=\u00bb4.16&#8243; _module_preset=\u00bbdefault\u00bb transform_translate=\u00bb0px|77px\u00bb transform_translate_linked=\u00bboff\u00bb z_index=\u00bb1000&#8243; width=\u00bb30%\u00bb max_width=\u00bb38%\u00bb module_alignment=\u00bbcenter\u00bb global_colors_info=\u00bb{}\u00bb][\/et_pb_image][et_pb_blurb title=\u00bbLocalizaci\u00f3\u00bb admin_label=\u00bbContact Info\u00bb _builder_version=\u00bb4.16&#8243; header_font=\u00bbRubik|700||on|||||\u00bb header_text_color=\u00bb#ffd000&#8243; header_font_size=\u00bb16px\u00bb header_letter_spacing=\u00bb3px\u00bb header_line_height=\u00bb1.5em\u00bb body_font=\u00bbRubik||||||||\u00bb body_font_size=\u00bb16px\u00bb body_line_height=\u00bb2em\u00bb background_color=\u00bbrgba(255,255,255,0.33)\u00bb text_orientation=\u00bbcenter\u00bb background_layout=\u00bbdark\u00bb min_height=\u00bb350px\u00bb custom_margin=\u00bb0px||||false|false\u00bb custom_padding=\u00bb80px|20px|80px|20px|true|true\u00bb animation_style=\u00bbzoom\u00bb animation_intensity_zoom=\u00bb10%\u00bb border_radii=\u00bbon|10px|10px|10px|10px\u00bb global_colors_info=\u00bb{%22gcid-2d9cc632-58ca-4798-ac9c-75fd03b1d450%22:%91%93,%22gcid-ce3d8452-2f12-48c4-b6cc-6d93550e20c0%22:%91%22header_text_color%22%93,%22gcid-359004ac-8e99-4ec7-a8ae-4204652ba8c0%22:%91%93,%22gcid-34d85742-286a-4c70-8ee4-619c6196295f%22:%91%93,%22gcid-fdbe264a-d2b0-4df6-9e02-641f44f217bc%22:%91%22background_color%22%93}\u00bb]<\/p>\n<p><span style=\"font-size: large;\"><strong>COL\u00b7LEGI CERVANTES CANALS<\/strong><\/span><\/p>\n<p>C\/ Mestre Arnau, 2<\/p>\n<p>46650 Canals, Val\u00e8ncia &#8211; Espa\u00f1a<\/p>\n<p>[\/et_pb_blurb][\/et_pb_column][et_pb_column type=\u00bb1_3&#8243; _builder_version=\u00bb4.16&#8243; custom_padding=\u00bb|||\u00bb global_colors_info=\u00bb{}\u00bb custom_padding__hover=\u00bb|||\u00bb][et_pb_image src=\u00bbhttps:\/\/www.colegiocervantescanals.com\/wp-content\/uploads\/2021\/02\/Logo-VAL.-Color-Positivo.png\u00bb title_text=\u00bbLogo VAL. Color Positivo\u00bb align=\u00bbcenter\u00bb _builder_version=\u00bb4.16&#8243; _module_preset=\u00bbdefault\u00bb transform_translate=\u00bb0px|77px\u00bb transform_translate_linked=\u00bboff\u00bb z_index=\u00bb1000&#8243; width=\u00bb30%\u00bb max_width=\u00bb38%\u00bb module_alignment=\u00bbcenter\u00bb global_colors_info=\u00bb{}\u00bb][\/et_pb_image][et_pb_blurb title=\u00bbDADES I CONTACTE\u00bb admin_label=\u00bbContact Info\u00bb _builder_version=\u00bb4.16&#8243; header_font=\u00bbRubik|700||on|||||\u00bb header_text_color=\u00bb#ffd000&#8243; header_font_size=\u00bb16px\u00bb header_letter_spacing=\u00bb3px\u00bb header_line_height=\u00bb1.5em\u00bb body_font=\u00bbRubik||||||||\u00bb body_font_size=\u00bb16px\u00bb body_line_height=\u00bb2em\u00bb background_color=\u00bbrgba(255,255,255,0.33)\u00bb text_orientation=\u00bbcenter\u00bb background_layout=\u00bbdark\u00bb min_height=\u00bb350px\u00bb custom_margin=\u00bb0px||||false|false\u00bb custom_padding=\u00bb80px|20px|80px|20px|true|true\u00bb animation_style=\u00bbzoom\u00bb animation_intensity_zoom=\u00bb10%\u00bb border_radii=\u00bbon|10px|10px|10px|10px\u00bb global_colors_info=\u00bb{%22gcid-2d9cc632-58ca-4798-ac9c-75fd03b1d450%22:%91%93,%22gcid-ce3d8452-2f12-48c4-b6cc-6d93550e20c0%22:%91%22header_text_color%22%93,%22gcid-359004ac-8e99-4ec7-a8ae-4204652ba8c0%22:%91%93,%22gcid-34d85742-286a-4c70-8ee4-619c6196295f%22:%91%93,%22gcid-fdbe264a-d2b0-4df6-9e02-641f44f217bc%22:%91%22background_color%22%93}\u00bb]<\/p>\n<p>TELEFONA&#8217;NS AL TEL\u00c8FON<\/p>\n<p>+34 962 24 02 86<br \/>ESCRIU-NOS AL CORREU<\/p>\n<p>Secretaria: <span style=\"color: #ffffff;\"><a href=\"mailto:cervantes.canals@cede.es\" style=\"color: #ffffff;\">cervantes.canals@cece.es<\/a><\/span><\/p>\n<p><a href=\"mailto:admision@colegiocervantescanals.com\"><span style=\"color: #ffffff;\">Informaci\u00f3: info@colegiocervantescanals.com<\/span><\/a><\/p>\n<p>[\/et_pb_blurb][\/et_pb_column][\/et_pb_row][et_pb_row use_custom_gutter=\u00bbon\u00bb gutter_width=\u00bb2&#8243; make_equal=\u00bbon\u00bb admin_label=\u00bbContact Form Row\u00bb _builder_version=\u00bb4.16&#8243; background_color=\u00bbrgba(255,255,255,0.33)\u00bb width=\u00bb90%\u00bb max_width=\u00bb90%\u00bb custom_margin=\u00bb20px||60px||false\u00bb custom_padding=\u00bb80px|40px|80px|40px|true|true\u00bb animation_style=\u00bbzoom\u00bb animation_intensity_zoom=\u00bb10%\u00bb border_radii=\u00bbon|8px|8px|8px|8px\u00bb box_shadow_style=\u00bbpreset3&#8243; box_shadow_vertical=\u00bb120px\u00bb box_shadow_blur=\u00bb80px\u00bb box_shadow_spread=\u00bb-80px\u00bb box_shadow_color=\u00bbrgba(0,0,0,0.12)\u00bb global_colors_info=\u00bb{%22gcid-359004ac-8e99-4ec7-a8ae-4204652ba8c0%22:%91%93,%22gcid-2d9cc632-58ca-4798-ac9c-75fd03b1d450%22:%91%93,%22gcid-fdbe264a-d2b0-4df6-9e02-641f44f217bc%22:%91%22background_color%22%93}\u00bb][et_pb_column type=\u00bb4_4&#8243; _builder_version=\u00bb4.16&#8243; custom_padding=\u00bb|||\u00bb global_colors_info=\u00bb{}\u00bb custom_padding__hover=\u00bb|||\u00bb][et_pb_text admin_label=\u00bbTitle\u00bb _builder_version=\u00bb4.16&#8243; text_font=\u00bb||||||||\u00bb link_font=\u00bb||||||||\u00bb ul_font=\u00bb||||||||\u00bb ol_font=\u00bb||||||||\u00bb quote_font=\u00bb||||||||\u00bb header_font=\u00bb||||||||\u00bb header_2_font=\u00bbRubik|700|||||||\u00bb header_2_text_color=\u00bb#FFFFFF\u00bb header_2_font_size=\u00bb27px\u00bb header_2_line_height=\u00bb1.5em\u00bb header_5_font=\u00bbRubik|700||on|||||\u00bb header_5_text_color=\u00bb#ffd000&#8243; header_5_letter_spacing=\u00bb5px\u00bb header_5_line_height=\u00bb1.7em\u00bb text_orientation=\u00bbcenter\u00bb background_layout=\u00bbdark\u00bb max_width=\u00bb750px\u00bb module_alignment=\u00bbcenter\u00bb custom_padding=\u00bb|||\u00bb text_line_height_last_edited=\u00bboff|desktop\u00bb header_2_font_size_tablet=\u00bb\u00bb header_2_font_size_phone=\u00bb30px\u00bb header_2_font_size_last_edited=\u00bbon|phone\u00bb global_colors_info=\u00bb{%22gcid-ce3d8452-2f12-48c4-b6cc-6d93550e20c0%22:%91%22header_5_text_color%22%93,%22gcid-34d85742-286a-4c70-8ee4-619c6196295f%22:%91%93}\u00bb]<\/p>\n<h5>FORMULARIO DE CONTACTO<\/h5>\n<h2>Escriu-nos i ens posarem en contacte amb tu<\/h2>\n<p>[\/et_pb_text][et_pb_contact_form captcha=\u00bboff\u00bb email=\u00bbinfo@colegiocervantescanals.com\u00bb success_message=\u00bbGr\u00e0cies per enviar-nos un missatge, en breu ens posarem en contacte amb vost\u00e9.\u00bb submit_button_text=\u00bbEnviar\u00bb module_id=\u00bbet_pb_contact_form_0&#8243; _builder_version=\u00bb4.16&#8243; _unique_id=\u00bb8458471b-113c-4717-aae3-79fd8832e15a\u00bb form_field_background_color=\u00bb#ffd000&#8243; form_field_text_color=\u00bb#00416b\u00bb title_font=\u00bb||||||||\u00bb title_text_align=\u00bbcenter\u00bb title_text_color=\u00bb#ffffff\u00bb form_field_font=\u00bbRubik|500|||||||\u00bb form_field_font_size=\u00bb16px\u00bb background_color=\u00bbRGBA(0,0,0,0)\u00bb custom_button=\u00bbon\u00bb button_text_size=\u00bb20px\u00bb button_text_color=\u00bb#ffffff\u00bb button_bg_color=\u00bb#00416b\u00bb button_border_width=\u00bb3px\u00bb button_border_radius=\u00bb0px\u00bb button_font=\u00bbRubik|700|||||||\u00bb button_icon=\u00bb&#xe03c;||divi||400&#8243; button_on_hover=\u00bboff\u00bb button_custom_margin=\u00bb|11px||11px|false|true\u00bb button_custom_padding=\u00bb8px|8px|8px|8px|true|false\u00bb max_width=\u00bb95%\u00bb max_width_last_edited=\u00bboff|desktop\u00bb module_alignment=\u00bbcenter\u00bb custom_margin=\u00bb|||\u00bb custom_margin_tablet=\u00bb|50px||50px\u00bb custom_margin_phone=\u00bb|50px||50px\u00bb custom_margin_last_edited=\u00bboff|desktop\u00bb custom_padding=\u00bb||||false|false\u00bb border_radii=\u00bbon|5px|5px|5px|5px\u00bb form_background_color=\u00bbrgba(0,0,0,0.1)\u00bb global_colors_info=\u00bb{%22gcid-359004ac-8e99-4ec7-a8ae-4204652ba8c0%22:%91%93,%22gcid-ce3d8452-2f12-48c4-b6cc-6d93550e20c0%22:%91%22form_field_background_color%22%93,%22gcid-34d85742-286a-4c70-8ee4-619c6196295f%22:%91%22form_field_text_color%22,%22button_bg_color%22%93}\u00bb][et_pb_contact_field field_id=\u00bbNombre\u00bb field_title=\u00bbNom\u00bb _builder_version=\u00bb4.16&#8243; global_colors_info=\u00bb{}\u00bb button_text_size__hover_enabled=\u00bboff\u00bb button_one_text_size__hover_enabled=\u00bboff\u00bb button_two_text_size__hover_enabled=\u00bboff\u00bb button_text_color__hover_enabled=\u00bboff\u00bb button_one_text_color__hover_enabled=\u00bboff\u00bb button_two_text_color__hover_enabled=\u00bboff\u00bb button_border_width__hover_enabled=\u00bboff\u00bb button_one_border_width__hover_enabled=\u00bboff\u00bb button_two_border_width__hover_enabled=\u00bboff\u00bb button_border_color__hover_enabled=\u00bboff\u00bb button_one_border_color__hover_enabled=\u00bboff\u00bb button_two_border_color__hover_enabled=\u00bboff\u00bb button_border_radius__hover_enabled=\u00bboff\u00bb button_one_border_radius__hover_enabled=\u00bboff\u00bb button_two_border_radius__hover_enabled=\u00bboff\u00bb button_letter_spacing__hover_enabled=\u00bboff\u00bb button_one_letter_spacing__hover_enabled=\u00bboff\u00bb button_two_letter_spacing__hover_enabled=\u00bboff\u00bb button_bg_color__hover_enabled=\u00bboff\u00bb button_one_bg_color__hover_enabled=\u00bboff\u00bb button_two_bg_color__hover_enabled=\u00bboff\u00bb][\/et_pb_contact_field][et_pb_contact_field field_id=\u00bbApellidos\u00bb field_title=\u00bbCognoms\u00bb _builder_version=\u00bb4.16&#8243; global_colors_info=\u00bb{}\u00bb button_text_size__hover_enabled=\u00bboff\u00bb button_one_text_size__hover_enabled=\u00bboff\u00bb button_two_text_size__hover_enabled=\u00bboff\u00bb button_text_color__hover_enabled=\u00bboff\u00bb button_one_text_color__hover_enabled=\u00bboff\u00bb button_two_text_color__hover_enabled=\u00bboff\u00bb button_border_width__hover_enabled=\u00bboff\u00bb button_one_border_width__hover_enabled=\u00bboff\u00bb button_two_border_width__hover_enabled=\u00bboff\u00bb button_border_color__hover_enabled=\u00bboff\u00bb button_one_border_color__hover_enabled=\u00bboff\u00bb button_two_border_color__hover_enabled=\u00bboff\u00bb button_border_radius__hover_enabled=\u00bboff\u00bb button_one_border_radius__hover_enabled=\u00bboff\u00bb button_two_border_radius__hover_enabled=\u00bboff\u00bb button_letter_spacing__hover_enabled=\u00bboff\u00bb button_one_letter_spacing__hover_enabled=\u00bboff\u00bb button_two_letter_spacing__hover_enabled=\u00bboff\u00bb button_bg_color__hover_enabled=\u00bboff\u00bb button_one_bg_color__hover_enabled=\u00bboff\u00bb button_two_bg_color__hover_enabled=\u00bboff\u00bb][\/et_pb_contact_field][et_pb_contact_field field_id=\u00bbEmail\u00bb field_title=\u00bbEmail\u00bb field_type=\u00bbemail\u00bb fullwidth_field=\u00bbon\u00bb _builder_version=\u00bb4.16&#8243; global_colors_info=\u00bb{}\u00bb button_text_size__hover_enabled=\u00bboff\u00bb button_one_text_size__hover_enabled=\u00bboff\u00bb button_two_text_size__hover_enabled=\u00bboff\u00bb button_text_color__hover_enabled=\u00bboff\u00bb button_one_text_color__hover_enabled=\u00bboff\u00bb button_two_text_color__hover_enabled=\u00bboff\u00bb button_border_width__hover_enabled=\u00bboff\u00bb button_one_border_width__hover_enabled=\u00bboff\u00bb button_two_border_width__hover_enabled=\u00bboff\u00bb button_border_color__hover_enabled=\u00bboff\u00bb button_one_border_color__hover_enabled=\u00bboff\u00bb button_two_border_color__hover_enabled=\u00bboff\u00bb button_border_radius__hover_enabled=\u00bboff\u00bb button_one_border_radius__hover_enabled=\u00bboff\u00bb button_two_border_radius__hover_enabled=\u00bboff\u00bb button_letter_spacing__hover_enabled=\u00bboff\u00bb button_one_letter_spacing__hover_enabled=\u00bboff\u00bb button_two_letter_spacing__hover_enabled=\u00bboff\u00bb button_bg_color__hover_enabled=\u00bboff\u00bb button_one_bg_color__hover_enabled=\u00bboff\u00bb button_two_bg_color__hover_enabled=\u00bboff\u00bb][\/et_pb_contact_field][et_pb_contact_field field_id=\u00bbMensaje\u00bb field_title=\u00bbMissatge\u00bb field_type=\u00bbtext\u00bb fullwidth_field=\u00bbon\u00bb _builder_version=\u00bb4.16&#8243; global_colors_info=\u00bb{}\u00bb button_text_size__hover_enabled=\u00bboff\u00bb button_one_text_size__hover_enabled=\u00bboff\u00bb button_two_text_size__hover_enabled=\u00bboff\u00bb button_text_color__hover_enabled=\u00bboff\u00bb button_one_text_color__hover_enabled=\u00bboff\u00bb button_two_text_color__hover_enabled=\u00bboff\u00bb button_border_width__hover_enabled=\u00bboff\u00bb button_one_border_width__hover_enabled=\u00bboff\u00bb button_two_border_width__hover_enabled=\u00bboff\u00bb button_border_color__hover_enabled=\u00bboff\u00bb button_one_border_color__hover_enabled=\u00bboff\u00bb button_two_border_color__hover_enabled=\u00bboff\u00bb button_border_radius__hover_enabled=\u00bboff\u00bb button_one_border_radius__hover_enabled=\u00bboff\u00bb button_two_border_radius__hover_enabled=\u00bboff\u00bb button_letter_spacing__hover_enabled=\u00bboff\u00bb button_one_letter_spacing__hover_enabled=\u00bboff\u00bb button_two_letter_spacing__hover_enabled=\u00bboff\u00bb button_bg_color__hover_enabled=\u00bboff\u00bb button_one_bg_color__hover_enabled=\u00bboff\u00bb button_two_bg_color__hover_enabled=\u00bboff\u00bb][\/et_pb_contact_field][et_pb_contact_field field_id=\u00bbAV\u00cdS_LEGAL\u00bb field_title=\u00bbPer poder rebre la nostra resposta cal que conegues quina \u00e9s la nostra pol\u00edtica de privacitat. Les dades de car\u00e0cter personal contingudes en la consulta seran tractats pel COL\u00b7LEGI CENTRE D\u00b4ESTUDIS CERVANTES, S.L. i incorporats a l\u00b4activitat de tractament CONTACTES, la finalitat de la qual \u00e9s atendre les seues sol\u00b7licituts, peticions o consultes rebudes des de la web, per correu electr\u00f2nic o per tel\u00e8fon. Es donar\u00e0 resposta a la seua sol\u00b7licitud i es far\u00e0 un seguiment amb posterioritat. La legitimaci\u00f3 del tractament \u00e9s el seu consentiment. Les seues dades no seran cedides a tercers. T\u00e9 dret a accedir, rectificar i suprimir les seues dades, aix\u00ed com altres drets com s\u00b4explica en la notra politica de privacitat https:\/\/www.colegiocervantescanals.com\/ca\/avis-legal\/\u00bb field_type=\u00bbcheckbox\u00bb checkbox_options=\u00bb%91{%22value%22:%22%22,%22checked%22:0,%22dragID%22:-1,%22link_text%22:%22He llegit i accepte l&#8217;av\u00eds legal i la pol\u00edtica de privacitat%22,%22link_url%22:%22https:\/\/www.colegiocervantescanals.com\/aviso-legal%22}%93&#8243; fullwidth_field=\u00bbon\u00bb _builder_version=\u00bb4.16&#8243; _module_preset=\u00bbdefault\u00bb form_field_text_color=\u00bb#FFFFFF\u00bb form_field_focus_text_color=\u00bb#FFFFFF\u00bb custom_css_main_element=\u00bbcolor:#fff;\u00bb global_colors_info=\u00bb{}\u00bb][\/et_pb_contact_field][\/et_pb_contact_form][\/et_pb_column][\/et_pb_row][\/et_pb_section][et_pb_section fb_built=\u00bb1&#8243; disabled_on=\u00bbon|off|off\u00bb admin_label=\u00bbORDENADOR Y TABLET \u00bb _builder_version=\u00bb4.16&#8243; background_image=\u00bbhttps:\/\/www.colegiocervantescanals.com\/wp-content\/uploads\/2021\/02\/Base-Portada.jpg\u00bb background_position=\u00bbtop_center\u00bb module_alignment=\u00bbcenter\u00bb custom_margin=\u00bb|0px||0px|false|false\u00bb custom_padding=\u00bb154px|0px|125px|0px|false|false\u00bb global_colors_info=\u00bb{}\u00bb][et_pb_row column_structure=\u00bb1_4,1_2,1_4&#8243; use_custom_gutter=\u00bbon\u00bb gutter_width=\u00bb2&#8243; make_equal=\u00bbon\u00bb admin_label=\u00bbContact Info Row\u00bb _builder_version=\u00bb4.16&#8243; width=\u00bb90%\u00bb max_width=\u00bb90%\u00bb custom_margin=\u00bb|||\u00bb global_colors_info=\u00bb{}\u00bb][et_pb_column type=\u00bb1_4&#8243; _builder_version=\u00bb4.16&#8243; custom_padding=\u00bb|||\u00bb global_colors_info=\u00bb{}\u00bb custom_padding__hover=\u00bb|||\u00bb][et_pb_image src=\u00bbhttps:\/\/www.colegiocervantescanals.com\/wp-content\/uploads\/2021\/02\/Logo-VAL.-Color-Positivo.png\u00bb title_text=\u00bbLogo VAL. Color Positivo\u00bb align=\u00bbcenter\u00bb admin_label=\u00bbImagen\u00bb _builder_version=\u00bb4.16&#8243; _module_preset=\u00bbdefault\u00bb transform_translate=\u00bb0px|77px\u00bb transform_translate_linked=\u00bboff\u00bb z_index=\u00bb1000&#8243; width=\u00bb30%\u00bb max_width=\u00bb38%\u00bb module_alignment=\u00bbcenter\u00bb global_colors_info=\u00bb{}\u00bb][\/et_pb_image][et_pb_blurb title=\u00bbLocalizaci\u00f3\u00bb admin_label=\u00bbContact Info\u00bb _builder_version=\u00bb4.16&#8243; header_font=\u00bbRubik|700||on|||||\u00bb header_text_color=\u00bb#ffd000&#8243; header_font_size=\u00bb16px\u00bb header_letter_spacing=\u00bb3px\u00bb header_line_height=\u00bb1.5em\u00bb body_font=\u00bbRubik||||||||\u00bb body_font_size=\u00bb16px\u00bb body_line_height=\u00bb2em\u00bb background_color=\u00bbrgba(255,255,255,0.33)\u00bb text_orientation=\u00bbcenter\u00bb background_layout=\u00bbdark\u00bb min_height=\u00bb350px\u00bb custom_margin=\u00bb0px||||false|false\u00bb custom_padding=\u00bb145px|20px|145px|20px|true|true\u00bb animation_style=\u00bbzoom\u00bb animation_intensity_zoom=\u00bb10%\u00bb border_radii=\u00bbon|10px|10px|10px|10px\u00bb locked=\u00bboff\u00bb global_colors_info=\u00bb{%22gcid-2d9cc632-58ca-4798-ac9c-75fd03b1d450%22:%91%93,%22gcid-ce3d8452-2f12-48c4-b6cc-6d93550e20c0%22:%91%22header_text_color%22%93,%22gcid-359004ac-8e99-4ec7-a8ae-4204652ba8c0%22:%91%93,%22gcid-34d85742-286a-4c70-8ee4-619c6196295f%22:%91%93,%22gcid-fdbe264a-d2b0-4df6-9e02-641f44f217bc%22:%91%22background_color%22%93}\u00bb]<\/p>\n<p><span style=\"font-size: large;\"><strong>COL\u00b7LEGI CERVANTES CANALS<\/strong><\/span><\/p>\n<p>C\/ Mestre Arnau, 2<\/p>\n<p>46650 Canals, Val\u00e8ncia &#8211; Espa\u00f1a<\/p>\n<p>[\/et_pb_blurb][\/et_pb_column][et_pb_column type=\u00bb1_2&#8243; _builder_version=\u00bb4.16&#8243; background_color=\u00bbrgba(255,255,255,0.24)\u00bb custom_padding=\u00bb2%||2%||true|false\u00bb border_radii=\u00bbon|10px|10px|10px|10px\u00bb global_colors_info=\u00bb{}\u00bb custom_padding__hover=\u00bb|||\u00bb][et_pb_text admin_label=\u00bbTitle\u00bb _builder_version=\u00bb4.16&#8243; text_font=\u00bb||||||||\u00bb link_font=\u00bb||||||||\u00bb ul_font=\u00bb||||||||\u00bb ol_font=\u00bb||||||||\u00bb quote_font=\u00bb||||||||\u00bb header_font=\u00bb||||||||\u00bb header_2_font=\u00bbRubik|700|||||||\u00bb header_2_text_color=\u00bb#FFFFFF\u00bb header_2_font_size=\u00bb27px\u00bb header_2_line_height=\u00bb1.5em\u00bb header_5_font=\u00bbRubik|700||on|||||\u00bb header_5_text_color=\u00bb#ffd000&#8243; header_5_letter_spacing=\u00bb5px\u00bb header_5_line_height=\u00bb1.7em\u00bb text_orientation=\u00bbcenter\u00bb background_layout=\u00bbdark\u00bb max_width=\u00bb750px\u00bb module_alignment=\u00bbcenter\u00bb custom_padding=\u00bb|||\u00bb text_line_height_last_edited=\u00bboff|desktop\u00bb header_2_font_size_tablet=\u00bb\u00bb header_2_font_size_phone=\u00bb30px\u00bb header_2_font_size_last_edited=\u00bbon|phone\u00bb locked=\u00bboff\u00bb global_colors_info=\u00bb{%22gcid-ce3d8452-2f12-48c4-b6cc-6d93550e20c0%22:%91%22header_5_text_color%22%93,%22gcid-34d85742-286a-4c70-8ee4-619c6196295f%22:%91%93}\u00bb]<\/p>\n<h5>FORMULARIO DE CONTACTO<\/h5>\n<h2>Escriu-nos i ens posarem en contacte amb tu<\/h2>\n<p>[\/et_pb_text][et_pb_contact_form captcha=\u00bboff\u00bb email=\u00bbinfo@colegiocervantescanals.com\u00bb success_message=\u00bbGr\u00e0cies per enviar-nos un missatge, en breu ens posarem en contacte amb vost\u00e9.\u00bb submit_button_text=\u00bbEnviar\u00bb module_id=\u00bbet_pb_contact_form_0&#8243; _builder_version=\u00bb4.16&#8243; _unique_id=\u00bbad9c5ef5-30bb-4caf-846e-1b7065f4c60f\u00bb form_field_background_color=\u00bb#ffd000&#8243; form_field_text_color=\u00bb#00416b\u00bb title_font=\u00bb||||||||\u00bb title_text_align=\u00bbcenter\u00bb title_text_color=\u00bb#ffffff\u00bb form_field_font=\u00bbRubik|500|||||||\u00bb form_field_font_size=\u00bb16px\u00bb background_color=\u00bbRGBA(0,0,0,0)\u00bb custom_button=\u00bbon\u00bb button_text_size=\u00bb20px\u00bb button_text_color=\u00bb#ffffff\u00bb button_bg_color=\u00bb#00416b\u00bb button_border_width=\u00bb3px\u00bb button_border_radius=\u00bb0px\u00bb button_font=\u00bbRubik|700|||||||\u00bb button_icon=\u00bb&#xe03c;||divi||400&#8243; button_on_hover=\u00bboff\u00bb button_custom_margin=\u00bb|11px||11px|false|true\u00bb button_custom_padding=\u00bb8px|8px|8px|8px|true|false\u00bb max_width=\u00bb95%\u00bb max_width_last_edited=\u00bboff|desktop\u00bb module_alignment=\u00bbcenter\u00bb custom_margin=\u00bb|||\u00bb custom_margin_tablet=\u00bb|50px||50px\u00bb custom_margin_phone=\u00bb|50px||50px\u00bb custom_margin_last_edited=\u00bboff|desktop\u00bb custom_padding=\u00bb||||false|false\u00bb border_radii=\u00bbon|5px|5px|5px|5px\u00bb form_background_color=\u00bbrgba(0,0,0,0.1)\u00bb locked=\u00bboff\u00bb global_colors_info=\u00bb{%22gcid-359004ac-8e99-4ec7-a8ae-4204652ba8c0%22:%91%93,%22gcid-ce3d8452-2f12-48c4-b6cc-6d93550e20c0%22:%91%22form_field_background_color%22%93,%22gcid-34d85742-286a-4c70-8ee4-619c6196295f%22:%91%22form_field_text_color%22,%22button_bg_color%22%93}\u00bb][et_pb_contact_field field_id=\u00bbNombre\u00bb field_title=\u00bbNom\u00bb _builder_version=\u00bb4.16&#8243; global_colors_info=\u00bb{}\u00bb button_text_size__hover_enabled=\u00bboff\u00bb button_one_text_size__hover_enabled=\u00bboff\u00bb button_two_text_size__hover_enabled=\u00bboff\u00bb button_text_color__hover_enabled=\u00bboff\u00bb button_one_text_color__hover_enabled=\u00bboff\u00bb button_two_text_color__hover_enabled=\u00bboff\u00bb button_border_width__hover_enabled=\u00bboff\u00bb button_one_border_width__hover_enabled=\u00bboff\u00bb button_two_border_width__hover_enabled=\u00bboff\u00bb button_border_color__hover_enabled=\u00bboff\u00bb button_one_border_color__hover_enabled=\u00bboff\u00bb button_two_border_color__hover_enabled=\u00bboff\u00bb button_border_radius__hover_enabled=\u00bboff\u00bb button_one_border_radius__hover_enabled=\u00bboff\u00bb button_two_border_radius__hover_enabled=\u00bboff\u00bb button_letter_spacing__hover_enabled=\u00bboff\u00bb button_one_letter_spacing__hover_enabled=\u00bboff\u00bb button_two_letter_spacing__hover_enabled=\u00bboff\u00bb button_bg_color__hover_enabled=\u00bboff\u00bb button_one_bg_color__hover_enabled=\u00bboff\u00bb button_two_bg_color__hover_enabled=\u00bboff\u00bb][\/et_pb_contact_field][et_pb_contact_field field_id=\u00bbApellidos\u00bb field_title=\u00bbCognoms\u00bb _builder_version=\u00bb4.16&#8243; global_colors_info=\u00bb{}\u00bb button_text_size__hover_enabled=\u00bboff\u00bb button_one_text_size__hover_enabled=\u00bboff\u00bb button_two_text_size__hover_enabled=\u00bboff\u00bb button_text_color__hover_enabled=\u00bboff\u00bb button_one_text_color__hover_enabled=\u00bboff\u00bb button_two_text_color__hover_enabled=\u00bboff\u00bb button_border_width__hover_enabled=\u00bboff\u00bb button_one_border_width__hover_enabled=\u00bboff\u00bb button_two_border_width__hover_enabled=\u00bboff\u00bb button_border_color__hover_enabled=\u00bboff\u00bb button_one_border_color__hover_enabled=\u00bboff\u00bb button_two_border_color__hover_enabled=\u00bboff\u00bb button_border_radius__hover_enabled=\u00bboff\u00bb button_one_border_radius__hover_enabled=\u00bboff\u00bb button_two_border_radius__hover_enabled=\u00bboff\u00bb button_letter_spacing__hover_enabled=\u00bboff\u00bb button_one_letter_spacing__hover_enabled=\u00bboff\u00bb button_two_letter_spacing__hover_enabled=\u00bboff\u00bb button_bg_color__hover_enabled=\u00bboff\u00bb button_one_bg_color__hover_enabled=\u00bboff\u00bb button_two_bg_color__hover_enabled=\u00bboff\u00bb][\/et_pb_contact_field][et_pb_contact_field field_id=\u00bbEmail\u00bb field_title=\u00bbEmail\u00bb field_type=\u00bbemail\u00bb fullwidth_field=\u00bbon\u00bb _builder_version=\u00bb4.16&#8243; global_colors_info=\u00bb{}\u00bb button_text_size__hover_enabled=\u00bboff\u00bb button_one_text_size__hover_enabled=\u00bboff\u00bb button_two_text_size__hover_enabled=\u00bboff\u00bb button_text_color__hover_enabled=\u00bboff\u00bb button_one_text_color__hover_enabled=\u00bboff\u00bb button_two_text_color__hover_enabled=\u00bboff\u00bb button_border_width__hover_enabled=\u00bboff\u00bb button_one_border_width__hover_enabled=\u00bboff\u00bb button_two_border_width__hover_enabled=\u00bboff\u00bb button_border_color__hover_enabled=\u00bboff\u00bb button_one_border_color__hover_enabled=\u00bboff\u00bb button_two_border_color__hover_enabled=\u00bboff\u00bb button_border_radius__hover_enabled=\u00bboff\u00bb button_one_border_radius__hover_enabled=\u00bboff\u00bb button_two_border_radius__hover_enabled=\u00bboff\u00bb button_letter_spacing__hover_enabled=\u00bboff\u00bb button_one_letter_spacing__hover_enabled=\u00bboff\u00bb button_two_letter_spacing__hover_enabled=\u00bboff\u00bb button_bg_color__hover_enabled=\u00bboff\u00bb button_one_bg_color__hover_enabled=\u00bboff\u00bb button_two_bg_color__hover_enabled=\u00bboff\u00bb][\/et_pb_contact_field][et_pb_contact_field field_id=\u00bbMensaje\u00bb field_title=\u00bbMissatge\u00bb field_type=\u00bbtext\u00bb fullwidth_field=\u00bbon\u00bb _builder_version=\u00bb4.16&#8243; global_colors_info=\u00bb{}\u00bb button_text_size__hover_enabled=\u00bboff\u00bb button_one_text_size__hover_enabled=\u00bboff\u00bb button_two_text_size__hover_enabled=\u00bboff\u00bb button_text_color__hover_enabled=\u00bboff\u00bb button_one_text_color__hover_enabled=\u00bboff\u00bb button_two_text_color__hover_enabled=\u00bboff\u00bb button_border_width__hover_enabled=\u00bboff\u00bb button_one_border_width__hover_enabled=\u00bboff\u00bb button_two_border_width__hover_enabled=\u00bboff\u00bb button_border_color__hover_enabled=\u00bboff\u00bb button_one_border_color__hover_enabled=\u00bboff\u00bb button_two_border_color__hover_enabled=\u00bboff\u00bb button_border_radius__hover_enabled=\u00bboff\u00bb button_one_border_radius__hover_enabled=\u00bboff\u00bb button_two_border_radius__hover_enabled=\u00bboff\u00bb button_letter_spacing__hover_enabled=\u00bboff\u00bb button_one_letter_spacing__hover_enabled=\u00bboff\u00bb button_two_letter_spacing__hover_enabled=\u00bboff\u00bb button_bg_color__hover_enabled=\u00bboff\u00bb button_one_bg_color__hover_enabled=\u00bboff\u00bb button_two_bg_color__hover_enabled=\u00bboff\u00bb][\/et_pb_contact_field][et_pb_contact_field field_id=\u00bbAV\u00cdS_LEGAL\u00bb field_title=\u00bbPer poder rebre la nostra resposta cal que conegues quina \u00e9s la nostra pol\u00edtica de privacitat. Les dades de car\u00e0cter personal contingudes en la consulta seran tractats pel COL\u00b7LEGI CENTRE D\u00b4ESTUDIS CERVANTES, S.L. i incorporats a l\u00b4activitat de tractament CONTACTES, la finalitat de la qual \u00e9s atendre les seues sol\u00b7licituts, peticions o consultes rebudes des de la web, per correu electr\u00f2nic o per tel\u00e8fon. Es donar\u00e0 resposta a la seua sol\u00b7licitud i es far\u00e0 un seguiment amb posterioritat. La legitimaci\u00f3 del tractament \u00e9s el seu consentiment. Les seues dades no seran cedides a tercers. T\u00e9 dret a accedir, rectificar i suprimir les seues dades, aix\u00ed com altres drets com s\u00b4explica en la notra politica de privacitat https:\/\/www.colegiocervantescanals.com\/ca\/avis-legal\/\u00bb field_type=\u00bbcheckbox\u00bb checkbox_options=\u00bb%91{%22value%22:%22%22,%22checked%22:0,%22dragID%22:-1,%22link_text%22:%22He llegit i accepte l&#8217;av\u00eds legal i la pol\u00edtica de privacitat%22,%22link_url%22:%22https:\/\/www.colegiocervantescanals.com\/aviso-legal%22}%93&#8243; fullwidth_field=\u00bbon\u00bb _builder_version=\u00bb4.16&#8243; _module_preset=\u00bbdefault\u00bb form_field_text_color=\u00bb#FFFFFF\u00bb form_field_focus_text_color=\u00bb#FFFFFF\u00bb custom_css_main_element=\u00bbcolor:#fff;\u00bb global_colors_info=\u00bb{}\u00bb][\/et_pb_contact_field][\/et_pb_contact_form][\/et_pb_column][et_pb_column type=\u00bb1_4&#8243; _builder_version=\u00bb4.16&#8243; custom_padding=\u00bb|||\u00bb global_colors_info=\u00bb{}\u00bb custom_padding__hover=\u00bb|||\u00bb][et_pb_image src=\u00bbhttps:\/\/www.colegiocervantescanals.com\/wp-content\/uploads\/2021\/02\/Logo-VAL.-Color-Positivo.png\u00bb title_text=\u00bbLogo VAL. Color Positivo\u00bb align=\u00bbcenter\u00bb _builder_version=\u00bb4.16&#8243; _module_preset=\u00bbdefault\u00bb transform_translate=\u00bb0px|77px\u00bb transform_translate_linked=\u00bboff\u00bb z_index=\u00bb1000&#8243; width=\u00bb30%\u00bb max_width=\u00bb38%\u00bb module_alignment=\u00bbcenter\u00bb global_colors_info=\u00bb{}\u00bb][\/et_pb_image][et_pb_blurb title=\u00bbDADES I CONTACTE\u00bb admin_label=\u00bbContact Info\u00bb _builder_version=\u00bb4.16&#8243; header_font=\u00bbRubik|700||on|||||\u00bb header_text_color=\u00bb#ffd000&#8243; header_font_size=\u00bb16px\u00bb header_letter_spacing=\u00bb3px\u00bb header_line_height=\u00bb1.5em\u00bb body_font=\u00bbRubik||||||||\u00bb body_font_size=\u00bb16px\u00bb body_line_height=\u00bb2em\u00bb background_color=\u00bbrgba(255,255,255,0.33)\u00bb text_orientation=\u00bbcenter\u00bb background_layout=\u00bbdark\u00bb min_height=\u00bb350px\u00bb custom_margin=\u00bb0px||||false|false\u00bb custom_padding=\u00bb80px|20px|80px|20px|true|true\u00bb animation_style=\u00bbzoom\u00bb animation_intensity_zoom=\u00bb10%\u00bb border_radii=\u00bbon|10px|10px|10px|10px\u00bb locked=\u00bboff\u00bb global_colors_info=\u00bb{%22gcid-2d9cc632-58ca-4798-ac9c-75fd03b1d450%22:%91%93,%22gcid-ce3d8452-2f12-48c4-b6cc-6d93550e20c0%22:%91%22header_text_color%22%93,%22gcid-359004ac-8e99-4ec7-a8ae-4204652ba8c0%22:%91%93,%22gcid-34d85742-286a-4c70-8ee4-619c6196295f%22:%91%93,%22gcid-fdbe264a-d2b0-4df6-9e02-641f44f217bc%22:%91%22background_color%22%93}\u00bb]<\/p>\n<p>TELEFONA&#8217;NS AL TEL\u00c8FON<\/p>\n<p>+34 962 24 02 86<\/p>\n<p>ESCRIU-NOS AL CORREU<\/p>\n<p>Secretaria:<\/p>\n<p><span style=\"color: #ffffff;\"><a style=\"color: #ffffff;\" href=\"mailto:cervantes.canals@cede.es\">cervantes.canals@cece.es<\/a><\/span><\/p>\n<p><a href=\"mailto:admision@colegiocervantescanals.com\"><span style=\"color: #ffffff;\">Informaci\u00f3: info@colegiocervantescanals.com<\/span><\/a><\/p>\n<p>[\/et_pb_blurb][\/et_pb_column][\/et_pb_row][\/et_pb_section][et_pb_section fb_built=\u00bb1&#8243; fullwidth=\u00bbon\u00bb admin_label=\u00bbMap Section\u00bb _builder_version=\u00bb4.16&#8243; background_color=\u00bbgcid-ce3d8452-2f12-48c4-b6cc-6d93550e20c0&#8243; border_width_top=\u00bb5px\u00bb border_color_top=\u00bb#FFFFFF\u00bb global_colors_info=\u00bb{%22gcid-34d85742-286a-4c70-8ee4-619c6196295f%22:%91%93,%22gcid-ce3d8452-2f12-48c4-b6cc-6d93550e20c0%22:%91%22background_color%22%93}\u00bb][et_pb_fullwidth_header title=\u00bbCol\u2022legi Cervantes \u00b7 Canals \u00b7\u00bb text_orientation=\u00bbcenter\u00bb _builder_version=\u00bb4.16&#8243; _module_preset=\u00bbdefault\u00bb title_font=\u00bb|800||on|||||\u00bb title_text_align=\u00bbcenter\u00bb title_text_color=\u00bbgcid-34d85742-286a-4c70-8ee4-619c6196295f\u00bb title_font_size=\u00bb48px\u00bb background_color=\u00bbRGBA(0,0,0,0)\u00bb custom_padding=\u00bb2px||0px|||\u00bb global_colors_info=\u00bb{%22gcid-ce3d8452-2f12-48c4-b6cc-6d93550e20c0%22:%91%93,%22gcid-34d85742-286a-4c70-8ee4-619c6196295f%22:%91%22title_text_color%22%93}\u00bb][\/et_pb_fullwidth_header][et_pb_fullwidth_code _builder_version=\u00bb4.16&#8243; _module_preset=\u00bbdefault\u00bb custom_padding=\u00bb||4px|||\u00bb global_colors_info=\u00bb{}\u00bb]<iframe loading=\"lazy\" style=\"border: 0;\" src=\"https:\/\/www.google.com\/maps\/embed?pb=!1m14!1m8!1m3!1d12409.579315774909!2d-0.5813393!3d38.9606516!3m2!1i1024!2i768!4f13.1!3m3!1m2!1s0x0%3A0x631ec22541551c41!2sColegio%20Cervantes%20-%20Canals!5e0!3m2!1ses!2ses!4v1614261196505!5m2!1ses!2ses\" width=\"100%\" height=\"400px\" allowfullscreen=\"allowfullscreen\"><\/iframe>[\/et_pb_fullwidth_code][\/et_pb_section]<\/p>\n","protected":false},"excerpt":{"rendered":"<p>Col\u00b7legi adheritAvalat perCol\u00b7legi adheritAvalat perEl nostre centre Hist\u00f2ria Els nostres objetius Personal del centre Oferta educativaSom un Col\u00b7legi Concertat de Canals amb una oferta educativa des d&#8217;Infantil 3 anys fins a 4t de la E.S.O., passant per tots els cursos de Prim\u00e0ria.Educaci\u00f3 Infantil Educaci\u00f3 Prim\u00e0ria Educaci\u00f3 Secund\u00e0ria InstalacionsAl Col\u00b7legi Cervantes de Canals disposem de instalacions [&hellip;]<\/p>\n","protected":false},"author":1,"featured_media":146,"parent":0,"menu_order":0,"comment_status":"closed","ping_status":"closed","template":"","meta":{"_et_pb_use_builder":"on","_et_pb_old_content":"","_et_gb_content_width":"","footnotes":""},"class_list":["post-1831","page","type-page","status-publish","has-post-thumbnail","hentry"],"yoast_head":"<!-- This site is optimized with the Yoast SEO plugin v28.4 - https:\/\/yoast.com\/product\/yoast-seo-wordpress\/ -->\n<title>Col\u00b7legi Cervantes de Canals. Centre Educatiu Concertat en Canals<\/title>\n<meta name=\"description\" content=\"Coneix el Col\u00b7legi Cervantes de Canals. Centre Educatiu concertat ubicat en la localitat de Canals, a la provincia de Valencia.\" \/>\n<meta name=\"robots\" content=\"index, follow, max-snippet:-1, max-image-preview:large, max-video-preview:-1\" \/>\n<link rel=\"canonical\" href=\"https:\/\/www.colegiocervantescanals.com\/ca\/collegi-cervantes-canals\/\" \/>\n<meta property=\"og:locale\" content=\"ca_ES\" \/>\n<meta property=\"og:type\" content=\"article\" \/>\n<meta property=\"og:title\" content=\"Col\u00b7legi Cervantes de Canals. Centre Educatiu Concertat en Canals\" \/>\n<meta property=\"og:description\" content=\"Coneix el Col\u00b7legi Cervantes de Canals. Centre Educatiu concertat ubicat en la localitat de Canals, a la provincia de Valencia.\" \/>\n<meta property=\"og:url\" content=\"https:\/\/www.colegiocervantescanals.com\/ca\/collegi-cervantes-canals\/\" \/>\n<meta property=\"og:site_name\" content=\"Colegio Cervantes Canals\" \/>\n<meta property=\"article:modified_time\" content=\"2026-08-26T10:26:19+00:00\" \/>\n<meta property=\"og:image\" content=\"https:\/\/www.colegiocervantescanals.com\/wp-content\/uploads\/2021\/02\/Logo-VAL.-Color-Positivo.png\" \/>\n\t<meta property=\"og:image:width\" content=\"1485\" \/>\n\t<meta property=\"og:image:height\" content=\"1483\" \/>\n\t<meta property=\"og:image:type\" content=\"image\/png\" \/>\n<meta name=\"twitter:card\" content=\"summary_large_image\" \/>\n<meta name=\"twitter:label1\" content=\"Temps estimat de lectura\" \/>\n\t<meta name=\"twitter:data1\" content=\"8 minuts\" \/>\n<script type=\"application\/ld+json\" class=\"yoast-schema-graph\">{\"@context\":\"https:\\\/\\\/schema.org\",\"@graph\":[{\"@type\":\"WebPage\",\"@id\":\"https:\\\/\\\/www.colegiocervantescanals.com\\\/ca\\\/collegi-cervantes-canals\\\/\",\"url\":\"https:\\\/\\\/www.colegiocervantescanals.com\\\/ca\\\/collegi-cervantes-canals\\\/\",\"name\":\"Col\u00b7legi Cervantes de Canals. Centre Educatiu Concertat en Canals\",\"isPartOf\":{\"@id\":\"https:\\\/\\\/www.colegiocervantescanals.com\\\/ca\\\/#website\"},\"primaryImageOfPage\":{\"@id\":\"https:\\\/\\\/www.colegiocervantescanals.com\\\/ca\\\/collegi-cervantes-canals\\\/#primaryimage\"},\"image\":{\"@id\":\"https:\\\/\\\/www.colegiocervantescanals.com\\\/ca\\\/collegi-cervantes-canals\\\/#primaryimage\"},\"thumbnailUrl\":\"https:\\\/\\\/www.colegiocervantescanals.com\\\/wp-content\\\/uploads\\\/2021\\\/02\\\/Logo-VAL.-Color-Positivo.png\",\"datePublished\":\"2021-07-15T10:09:54+00:00\",\"dateModified\":\"2026-08-26T10:26:19+00:00\",\"description\":\"Coneix el Col\u00b7legi Cervantes de Canals. Centre Educatiu concertat ubicat en la localitat de Canals, a la provincia de Valencia.\",\"breadcrumb\":{\"@id\":\"https:\\\/\\\/www.colegiocervantescanals.com\\\/ca\\\/collegi-cervantes-canals\\\/#breadcrumb\"},\"inLanguage\":\"ca\",\"potentialAction\":[{\"@type\":\"ReadAction\",\"target\":[\"https:\\\/\\\/www.colegiocervantescanals.com\\\/ca\\\/collegi-cervantes-canals\\\/\"]}]},{\"@type\":\"ImageObject\",\"inLanguage\":\"ca\",\"@id\":\"https:\\\/\\\/www.colegiocervantescanals.com\\\/ca\\\/collegi-cervantes-canals\\\/#primaryimage\",\"url\":\"https:\\\/\\\/www.colegiocervantescanals.com\\\/wp-content\\\/uploads\\\/2021\\\/02\\\/Logo-VAL.-Color-Positivo.png\",\"contentUrl\":\"https:\\\/\\\/www.colegiocervantescanals.com\\\/wp-content\\\/uploads\\\/2021\\\/02\\\/Logo-VAL.-Color-Positivo.png\",\"width\":1485,\"height\":1483},{\"@type\":\"BreadcrumbList\",\"@id\":\"https:\\\/\\\/www.colegiocervantescanals.com\\\/ca\\\/collegi-cervantes-canals\\\/#breadcrumb\",\"itemListElement\":[{\"@type\":\"ListItem\",\"position\":1,\"name\":\"Portada\",\"item\":\"https:\\\/\\\/www.colegiocervantescanals.com\\\/ca\\\/collegi-cervantes-canals\\\/\"},{\"@type\":\"ListItem\",\"position\":2,\"name\":\"Portada\"}]},{\"@type\":\"WebSite\",\"@id\":\"https:\\\/\\\/www.colegiocervantescanals.com\\\/ca\\\/#website\",\"url\":\"https:\\\/\\\/www.colegiocervantescanals.com\\\/ca\\\/\",\"name\":\"Colegio Cervantes Canals\",\"description\":\"Colegio Cervantes Canals\",\"publisher\":{\"@id\":\"https:\\\/\\\/www.colegiocervantescanals.com\\\/ca\\\/#organization\"},\"potentialAction\":[{\"@type\":\"SearchAction\",\"target\":{\"@type\":\"EntryPoint\",\"urlTemplate\":\"https:\\\/\\\/www.colegiocervantescanals.com\\\/ca\\\/?s={search_term_string}\"},\"query-input\":{\"@type\":\"PropertyValueSpecification\",\"valueRequired\":true,\"valueName\":\"search_term_string\"}}],\"inLanguage\":\"ca\"},{\"@type\":\"Organization\",\"@id\":\"https:\\\/\\\/www.colegiocervantescanals.com\\\/ca\\\/#organization\",\"name\":\"Colegio Cervantes Canals\",\"alternateName\":\"Col\u00b7legi Cervantes Canals\",\"url\":\"https:\\\/\\\/www.colegiocervantescanals.com\\\/ca\\\/\",\"logo\":{\"@type\":\"ImageObject\",\"inLanguage\":\"ca\",\"@id\":\"https:\\\/\\\/www.colegiocervantescanals.com\\\/ca\\\/#\\\/schema\\\/logo\\\/image\\\/\",\"url\":\"https:\\\/\\\/www.colegiocervantescanals.com\\\/wp-content\\\/uploads\\\/2021\\\/02\\\/Logo-CAST-4.svg\",\"contentUrl\":\"https:\\\/\\\/www.colegiocervantescanals.com\\\/wp-content\\\/uploads\\\/2021\\\/02\\\/Logo-CAST-4.svg\",\"width\":345,\"height\":344,\"caption\":\"Colegio Cervantes Canals\"},\"image\":{\"@id\":\"https:\\\/\\\/www.colegiocervantescanals.com\\\/ca\\\/#\\\/schema\\\/logo\\\/image\\\/\"}}]}<\/script>\n<!-- \/ Yoast SEO plugin. -->","yoast_head_json":{"title":"Col\u00b7legi Cervantes de Canals. Centre Educatiu Concertat en Canals","description":"Coneix el Col\u00b7legi Cervantes de Canals. Centre Educatiu concertat ubicat en la localitat de Canals, a la provincia de Valencia.","robots":{"index":"index","follow":"follow","max-snippet":"max-snippet:-1","max-image-preview":"max-image-preview:large","max-video-preview":"max-video-preview:-1"},"canonical":"https:\/\/www.colegiocervantescanals.com\/ca\/collegi-cervantes-canals\/","og_locale":"ca_ES","og_type":"article","og_title":"Col\u00b7legi Cervantes de Canals. Centre Educatiu Concertat en Canals","og_description":"Coneix el Col\u00b7legi Cervantes de Canals. Centre Educatiu concertat ubicat en la localitat de Canals, a la provincia de Valencia.","og_url":"https:\/\/www.colegiocervantescanals.com\/ca\/collegi-cervantes-canals\/","og_site_name":"Colegio Cervantes Canals","article_modified_time":"2026-08-26T10:26:19+00:00","og_image":[{"width":1485,"height":1483,"url":"https:\/\/www.colegiocervantescanals.com\/wp-content\/uploads\/2021\/02\/Logo-VAL.-Color-Positivo.png","type":"image\/png"}],"twitter_card":"summary_large_image","twitter_misc":{"Temps estimat de lectura":"8 minuts"},"schema":{"@context":"https:\/\/schema.org","@graph":[{"@type":"WebPage","@id":"https:\/\/www.colegiocervantescanals.com\/ca\/collegi-cervantes-canals\/","url":"https:\/\/www.colegiocervantescanals.com\/ca\/collegi-cervantes-canals\/","name":"Col\u00b7legi Cervantes de Canals. Centre Educatiu Concertat en Canals","isPartOf":{"@id":"https:\/\/www.colegiocervantescanals.com\/ca\/#website"},"primaryImageOfPage":{"@id":"https:\/\/www.colegiocervantescanals.com\/ca\/collegi-cervantes-canals\/#primaryimage"},"image":{"@id":"https:\/\/www.colegiocervantescanals.com\/ca\/collegi-cervantes-canals\/#primaryimage"},"thumbnailUrl":"https:\/\/www.colegiocervantescanals.com\/wp-content\/uploads\/2021\/02\/Logo-VAL.-Color-Positivo.png","datePublished":"2021-07-15T10:09:54+00:00","dateModified":"2026-08-26T10:26:19+00:00","description":"Coneix el Col\u00b7legi Cervantes de Canals. Centre Educatiu concertat ubicat en la localitat de Canals, a la provincia de Valencia.","breadcrumb":{"@id":"https:\/\/www.colegiocervantescanals.com\/ca\/collegi-cervantes-canals\/#breadcrumb"},"inLanguage":"ca","potentialAction":[{"@type":"ReadAction","target":["https:\/\/www.colegiocervantescanals.com\/ca\/collegi-cervantes-canals\/"]}]},{"@type":"ImageObject","inLanguage":"ca","@id":"https:\/\/www.colegiocervantescanals.com\/ca\/collegi-cervantes-canals\/#primaryimage","url":"https:\/\/www.colegiocervantescanals.com\/wp-content\/uploads\/2021\/02\/Logo-VAL.-Color-Positivo.png","contentUrl":"https:\/\/www.colegiocervantescanals.com\/wp-content\/uploads\/2021\/02\/Logo-VAL.-Color-Positivo.png","width":1485,"height":1483},{"@type":"BreadcrumbList","@id":"https:\/\/www.colegiocervantescanals.com\/ca\/collegi-cervantes-canals\/#breadcrumb","itemListElement":[{"@type":"ListItem","position":1,"name":"Portada","item":"https:\/\/www.colegiocervantescanals.com\/ca\/collegi-cervantes-canals\/"},{"@type":"ListItem","position":2,"name":"Portada"}]},{"@type":"WebSite","@id":"https:\/\/www.colegiocervantescanals.com\/ca\/#website","url":"https:\/\/www.colegiocervantescanals.com\/ca\/","name":"Colegio Cervantes Canals","description":"Colegio Cervantes Canals","publisher":{"@id":"https:\/\/www.colegiocervantescanals.com\/ca\/#organization"},"potentialAction":[{"@type":"SearchAction","target":{"@type":"EntryPoint","urlTemplate":"https:\/\/www.colegiocervantescanals.com\/ca\/?s={search_term_string}"},"query-input":{"@type":"PropertyValueSpecification","valueRequired":true,"valueName":"search_term_string"}}],"inLanguage":"ca"},{"@type":"Organization","@id":"https:\/\/www.colegiocervantescanals.com\/ca\/#organization","name":"Colegio Cervantes Canals","alternateName":"Col\u00b7legi Cervantes Canals","url":"https:\/\/www.colegiocervantescanals.com\/ca\/","logo":{"@type":"ImageObject","inLanguage":"ca","@id":"https:\/\/www.colegiocervantescanals.com\/ca\/#\/schema\/logo\/image\/","url":"https:\/\/www.colegiocervantescanals.com\/wp-content\/uploads\/2021\/02\/Logo-CAST-4.svg","contentUrl":"https:\/\/www.colegiocervantescanals.com\/wp-content\/uploads\/2021\/02\/Logo-CAST-4.svg","width":345,"height":344,"caption":"Colegio Cervantes Canals"},"image":{"@id":"https:\/\/www.colegiocervantescanals.com\/ca\/#\/schema\/logo\/image\/"}}]}},"_links":{"self":[{"href":"https:\/\/www.colegiocervantescanals.com\/ca\/wp-json\/wp\/v2\/pages\/1831","targetHints":{"allow":["GET"]}}],"collection":[{"href":"https:\/\/www.colegiocervantescanals.com\/ca\/wp-json\/wp\/v2\/pages"}],"about":[{"href":"https:\/\/www.colegiocervantescanals.com\/ca\/wp-json\/wp\/v2\/types\/page"}],"author":[{"embeddable":true,"href":"https:\/\/www.colegiocervantescanals.com\/ca\/wp-json\/wp\/v2\/users\/1"}],"replies":[{"embeddable":true,"href":"https:\/\/www.colegiocervantescanals.com\/ca\/wp-json\/wp\/v2\/comments?post=1831"}],"version-history":[{"count":38,"href":"https:\/\/www.colegiocervantescanals.com\/ca\/wp-json\/wp\/v2\/pages\/1831\/revisions"}],"predecessor-version":[{"id":5098,"href":"https:\/\/www.colegiocervantescanals.com\/ca\/wp-json\/wp\/v2\/pages\/1831\/revisions\/5098"}],"wp:featuredmedia":[{"embeddable":true,"href":"https:\/\/www.colegiocervantescanals.com\/ca\/wp-json\/wp\/v2\/media\/146"}],"wp:attachment":[{"href":"https:\/\/www.colegiocervantescanals.com\/ca\/wp-json\/wp\/v2\/media?parent=1831"}],"curies":[{"name":"wp","href":"https:\/\/api.w.org\/{rel}","templated":true}]}}